{"id":11457,"date":"2022-02-25T12:44:25","date_gmt":"2022-02-25T11:44:25","guid":{"rendered":"https:\/\/zeleni-prsten.hr\/portal\/?page_id=11457"},"modified":"2022-03-07T13:49:31","modified_gmt":"2022-03-07T12:49:31","slug":"straznik","status":"publish","type":"page","link":"https:\/\/zeleni-prsten.hr\/portal\/zasticena-podrucja\/straznik\/","title":{"rendered":"Stra\u017enik"},"content":{"rendered":"<p>[vc_row full_width=&#8221;stretch_row&#8221;][vc_column]<div class=\"ult-spacer spacer-69f73c0304f4c\" data-id=\"69f73c0304f4c\" data-height=\"75\" data-height-mobile=\"30\" data-height-tab=\"50\" data-height-tab-portrait=\"50\" data-height-mobile-landscape=\"20\" style=\"clear:both;display:block;\"><\/div>[\/vc_column][\/vc_row][vc_row full_width=&#8221;stretch_row&#8221;][vc_column][vc_column_text css=&#8221;.vc_custom_1645788850271{padding-top: 2rem !important;padding-bottom: 3rem !important;}&#8221;]Upoznaj tajni svijet Stra\u017enika \u2013 u\u017eivaj u ljekovitom mirisu borova, cvrkutu ptica, cvjetnom tepihu i si\u0107u\u0161nom svijetu kukaca! Pro\u0161e\u0107i stazom kroz \u0161umu i dopusti da ti ispri\u010da svoje najskrivenije tajne.<br \/>\nLjepota, posebnost i va\u017enost Park-\u0161ume Stra\u017enik primije\u0107ene su davne 1970. godine kada je za\u0161ti\u0107ena u kategoriji park-\u0161ume, na povr\u0161ini od 23,31 ha. Bogata povijest tog podru\u010dja se\u017ee u 19. stolje\u0107e kada je tada\u0161nji gradona\u010delnik Ljudevit \u0160midhen nakon velikih poplava i erozije dao po\u0161umiti Stra\u017enik radi u\u010dvr\u0161\u0107ivanja dolomitne podloge i to prvenstveno crnogoricom.<\/p>\n<p>Sun\u010dani Stra\u017enik je mje\u0161ovita \u0161uma prete\u017eito smreke i pitomog kestena te u manjoj mjeri hrasta kitnjaka, bukve, gorskog javora te obi\u010dnog i crnog graba. Posebnost ovog podru\u010dja su crni bor, obi\u010dna smreka, obi\u010dna jela i europski ari\u0161, umjetno podignuti po\u0161umljavanjem koje je na Stra\u017eniku zapo\u010delo 1900. godine.[\/vc_column_text][\/vc_column][\/vc_row][vc_row full_width=&#8221;stretch_row&#8221; bg_type=&#8221;image&#8221; parallax_style=&#8221;vcpb-vz-jquery&#8221; bg_image_new=&#8221;id^11468|url^https:\/\/zeleni-prsten.hr\/portal\/wp-content\/uploads\/2022\/02\/Straznik_foto1.jpg|caption^null|alt^null|title^Stra\u017enik_foto1|description^null&#8221;][vc_column width=&#8221;1\/3&#8243; css=&#8221;.vc_custom_1616094504001{background-color: rgba(0,0,0,0.6) !important;*background-color: rgb(0,0,0) !important;}&#8221;][vc_column_text]&nbsp;<\/p>\n<p>&nbsp;[\/vc_column_text][vc_custom_heading text=&#8221;Jeste li znali?&#8221; font_container=&#8221;tag:h2|text_align:center|color:%23ffffff&#8221;][vc_column_text]<span style=\"color: #ffffff;\">Na Stra\u017eniku rastu smreke starije od 100 godina.<\/span><\/p>\n<p>&nbsp;<\/p>\n<p>&nbsp;[\/vc_column_text][\/vc_column][vc_column width=&#8221;1\/3&#8243;][\/vc_column][vc_column width=&#8221;1\/3&#8243;][\/vc_column][\/vc_row][vc_row full_width=&#8221;stretch_row&#8221; bg_type=&#8221;bg_color&#8221; bg_color_value=&#8221;#ffffff&#8221;][vc_column]<div class=\"ult-spacer spacer-69f73c0304f6a\" data-id=\"69f73c0304f6a\" data-height=\"100\" data-height-mobile=\"40\" data-height-tab=\"80\" data-height-tab-portrait=\"80\" data-height-mobile-landscape=\"30\" style=\"clear:both;display:block;\"><\/div>[vc_column_text]Park-\u0161uma Stra\u017enik \u010duva prekrasne primjerke crnogorice poput crnog bora, smreke, ari\u0161a, jele i obi\u010dnog bora. Crni bor <em>(Pinus nigra)<\/em> ime je dobio po tamnoj boji kro\u0161nje. Kao i obi\u010dni bor naraste do 40 m visine. Kro\u0161nja je jajasta, iglice su tvrde, blago povijene, tamnozelene u\u0161iljenog \u017eu\u0107kasta vrha, du\u017eine 8 do 15 cm. Iglice i pupovi koriste se u ljekovite svrhe. Mo\u017ee do\u017eivjeti do 500 godina.<br \/>\nObi\u010dna smreka <em>(Picea abies)<\/em> razlikuje se od ostalih vrsta crnogorice po tome \u0161to ima \u0161iljast vrh, grane su joj obje\u0161ene, te je piramidalnog habitusa, a \u010de\u0161eri joj vise. Iglice su ravnomjerno spiralno raspore\u0111ene, pri vrhu su u\u0161iljene a duge oko 25 mm. Ime roda Picea potje\u010de od latinske rije\u010di pix (smola) zbog obilnog smoljenja debla i grana.<br \/>\nAri\u0161 (<em>Larix decidua)<\/em> listopadno je crnogori\u010dno stablo posebno po tome \u0161to zimi gubi iglice. Listovi su zapravo tanke i mekane svjetlozelene iglice, sakupljene u \u010dupercima. Drvo ari\u0161a cijenjeno je u gra\u0111evinarstvu.[\/vc_column_text]<div class=\"ult-spacer spacer-69f73c0304f7a\" data-id=\"69f73c0304f7a\" data-height=\"100\" data-height-mobile=\"100\" data-height-tab=\"150\" data-height-tab-portrait=\"150\" data-height-mobile-landscape=\"60\" style=\"clear:both;display:block;\"><\/div>[\/vc_column][\/vc_row][vc_row full_width=&#8221;stretch_row&#8221; bg_type=&#8221;image&#8221; parallax_style=&#8221;vcpb-vz-jquery&#8221; bg_image_new=&#8221;id^11481|url^https:\/\/zeleni-prsten.hr\/portal\/wp-content\/uploads\/2022\/02\/Straznik_Foto-2.jpg|caption^null|alt^null|title^Stra\u017enik_Foto 2|description^null&#8221;][vc_column width=&#8221;1\/3&#8243; css=&#8221;.vc_custom_1616094504001{background-color: rgba(0,0,0,0.6) !important;*background-color: rgb(0,0,0) !important;}&#8221;][vc_column_text]&nbsp;<\/p>\n<p>&nbsp;[\/vc_column_text][vc_custom_heading text=&#8221;Jeste li znali?&#8221; font_container=&#8221;tag:h2|text_align:center|color:%23ffffff&#8221;][vc_column_text]<span style=\"color: #ffffff;\">Drve\u0107e se skrbi za susjedna stabla, a ako stablo po\u010dne odumirati, susjedna stabla davat \u0107e mu hranu ne bi li ga \u0161to du\u017ee odr\u017eala na \u017eivotu. <\/span><\/p>\n<p>&nbsp;<\/p>\n<p>&nbsp;[\/vc_column_text][\/vc_column][vc_column width=&#8221;1\/3&#8243;][\/vc_column][vc_column width=&#8221;1\/3&#8243;][\/vc_column][\/vc_row][vc_row full_width=&#8221;stretch_row&#8221;][vc_column]<div class=\"ult-spacer spacer-69f73c0304f87\" data-id=\"69f73c0304f87\" data-height=\"60\" data-height-mobile=\"20\" data-height-tab=\"45\" data-height-tab-portrait=\"40\" data-height-mobile-landscape=\"30\" style=\"clear:both;display:block;\"><\/div>[vc_column_text]Stra\u017enik je dom prete\u017eno bjelogori\u010dnih stabala hrasta kitnjaka, pitomog kestena, bukve, gorskog javora i obi\u010dnoga graba. Hrast kitnjak <em>(Quercus petraea)<\/em> listopadno je stablo koje naraste do 40 metara visine tvore\u0107i gustu, pravilnu kro\u0161nju. Listovi imaju peteljke duge 2 do 4 centimetra, no \u017eirovi hrasta kitnjaka, za razliku od svog ro\u0111aka lu\u017enjaka, nemaju peteljke i izgledaju kao da su zalijepljeni za granu na kojoj se nalaze.<br \/>\nObi\u010dna bukva<em> (Fagus sylvatica)<\/em> najrasprostranjenija je \u0161umska vrsta drve\u0107a u Hrvatskoj. Kora debla je siva, glatka i tanka, a li\u0161\u0107e je elipti\u010dno, dugo 8 cm. Po\u010detkom jeseni dozrijeva plod bukve \u2013 bukvica.<br \/>\nPitomi kesten <em>(Castanea sativa)<\/em> dugovje\u010dna je vrsta, mo\u017ee dose\u0107i starost ve\u0107u od 500 godina. Zbog svojih se ljekovitih svojstava koristi gotovo cijela biljka: pupovi, cvjetovi, listovi, kora pa \u010dak i korijen.[\/vc_column_text][\/vc_column][\/vc_row][vc_row][vc_column width=&#8221;1\/2&#8243;]<div class=\"ult-spacer spacer-69f73c0304f92\" data-id=\"69f73c0304f92\" data-height=\"36\" data-height-mobile=\"36\" data-height-tab=\"36\" data-height-tab-portrait=\"\" data-height-mobile-landscape=\"\" style=\"clear:both;display:block;\"><\/div>[vc_single_image image=&#8221;11464&#8243; img_size=&#8221;large&#8221; alignment=&#8221;center&#8221; onclick=&#8221;img_link_large&#8221; img_link_target=&#8221;_blank&#8221;][vc_column_text]<\/p>\n<h2>Zlatoglavi kralji\u0107<\/h2>\n<p>Posebno je zanimljiv pti\u010dji svijet Stra\u017enika. Tako se ovdje redovito susre\u0107u sive \u010daplje <em>(Ardea cinerea)<\/em> \u010dija se kolonija nalazi oko 1 kilometar sjevernije od Stra\u017enika. Od ptica grabljivica naj\u010de\u0161\u0107i su \u0161kanjci <em>(Buteo buteo)<\/em>, koji se mogu vidjeti tijekom cijele godine. Zabilje\u017eene su i vjetru\u0161e<em> (Falco tinnunculus)<\/em> i sivi popi\u0107 <em>(Prunella<\/em> <em>modularis)<\/em>, pal\u010di\u0107 <em>(Troglodytes troglodytes)<\/em>, crvenda\u0107<em> (Erithacus rubecula)<\/em>, zebe (<em>Fringilla coelebs)<\/em>. Golubi grivnja\u0161i<em> (Columba palumbus)<\/em>, zvi\u017edak <em>(Phylloscopus collybita)<\/em> i brgljez <em>(Sitta europaea)<\/em> gnijezde se na Stra\u017eniku. Kos <em>(Turdus merula)<\/em> i crnokapa grmu\u0161a<em> (Sylvia atricapilla)<\/em> su vjerojatno naj\u010de\u0161\u0107e ptica u park-\u0161umi, prisutne tijekom cijele godine. Zlatoglavi kralji\u0107i (Regulus regulus) na\u0161a najmanja ptica gnijezdi u crnogori\u010dnim \u0161umama, prvenstveno u smrekama i borovima.[\/vc_column_text][\/vc_column][vc_column width=&#8221;1\/2&#8243;]<div class=\"ult-spacer spacer-69f73c0304fa1\" data-id=\"69f73c0304fa1\" data-height=\"36\" data-height-mobile=\"36\" data-height-tab=\"36\" data-height-tab-portrait=\"\" data-height-mobile-landscape=\"\" style=\"clear:both;display:block;\"><\/div>[vc_single_image image=&#8221;11462&#8243; img_size=&#8221;large&#8221; alignment=&#8221;center&#8221; onclick=&#8221;img_link_large&#8221; img_link_target=&#8221;_blank&#8221;][vc_column_text]<\/p>\n<h2>In\u017eenjeri ekosustava<\/h2>\n<p>Na Stra\u017eniku \u017eive neki od na\u0161ih najpoznatijih kornja\u0161i. Jelenak <em>(Lucanus cervus)<\/em> je najve\u0107ih saproksilni kornja\u0161 u Europi. Prepoznatljiv je po svojim rogovima, odnosno pove\u0107anim gornjim \u010deljustima koji asociraju na rogove jelena, po \u010demu je i dobio ime. Hrastova strizibuba<em> (Cerambyx cerdo)<\/em> ne\u0161to je manja od jelenka. Najuo\u010dljivija karakteristika su im jako duga\u010dka ticala. Alpska strizibuba <em>(Rosalia alpina)<\/em> je jedna je od najljep\u0161ih vrsta kornja\u0161a zbog privla\u010dne obojenosti plavom bojom. Tijelo velike \u010detveropjege cvilidrete <em>(Morimus funereus)<\/em> je svijetlo do tamnosivo s vi\u0161e ili manje vidljivim to\u010dkama. Ove strizibube ne mogu letjeti jer im je pokrilje sraslo. Grimizna plosnatica <em>(Cucujus cinnaberinus)<\/em> je maleni kornja\u0161 grimizne boje te duljine do 1,5cm. Plosnatim oblikom tijela prilago\u0111eni su skrivanju pod korom i u pukotinama stabala.[\/vc_column_text][\/vc_column][\/vc_row][vc_row][vc_column]<div class=\"ult-spacer spacer-69f73c0304fab\" data-id=\"69f73c0304fab\" data-height=\"100\" data-height-mobile=\"25\" data-height-tab=\"70\" data-height-tab-portrait=\"50\" data-height-mobile-landscape=\"30\" style=\"clear:both;display:block;\"><\/div>[vc_masonry_media_grid item=&#8221;masonryMedia_BorderedScale&#8221; initial_loading_animation=&#8221;fadeIn&#8221; grid_id=&#8221;vc_gid:1646657362786-163278e9-8328-8&#8243; include=&#8221;11481,11766,4210,11767,11468,4215,3442,4226,4211,11760&#8243;][\/vc_column][\/vc_row][vc_row][vc_column][vc_text_separator title=&#8221;Istra\u017ei i do\u017eivi!&#8221; color=&#8221;sandy_brown&#8221; style=&#8221;double&#8221; el_width=&#8221;80&#8243; css_animation=&#8221;fadeIn&#8221;]<div class=\"ult-spacer spacer-69f73c0304fb7\" data-id=\"69f73c0304fb7\" data-height=\"50\" data-height-mobile=\"13\" data-height-tab=\"35\" data-height-tab-portrait=\"25\" data-height-mobile-landscape=\"15\" style=\"clear:both;display:block;\"><\/div>[vc_masonry_grid post_type=&#8221;ids&#8221; style=&#8221;lazy&#8221; items_per_page=&#8221;2&#8243; element_width=&#8221;6&#8243; item=&#8221;masonryGrid_FadeIn&#8221; initial_loading_animation=&#8221;fadeIn&#8221; grid_id=&#8221;vc_gid:1646657362787-97627ee2-6716-6&#8243; include=&#8221;3410, 4050&#8243;]<div class=\"ult-spacer spacer-69f73c0304fc1\" data-id=\"69f73c0304fc1\" data-height=\"100\" data-height-mobile=\"25\" data-height-tab=\"70\" data-height-tab-portrait=\"50\" data-height-mobile-landscape=\"30\" style=\"clear:both;display:block;\"><\/div>[\/vc_column][\/vc_row]<\/p>\n","protected":false},"excerpt":{"rendered":"<p>[vc_row full_width=&#8221;stretch_row&#8221;][vc_column][\/vc_column][\/vc_row][vc_row full_width=&#8221;stretch_row&#8221;][vc_column][vc_column_text css=&#8221;.vc_custom_1645788850271{padding-top: 2rem !important;padding-bottom: 3rem !important;}&#8221;]Upoznaj tajni svijet Stra\u017enika \u2013 u\u017eivaj u ljekovitom mirisu borova, cvrkutu ptica, cvjetnom tepihu i si\u0107u\u0161nom svijetu kukaca! Pro\u0161e\u0107i stazom kroz \u0161umu i dopusti da ti ispri\u010da svoje najskrivenije tajne. Ljepota, posebnost i [&hellip;]<\/p>\n","protected":false},"author":1,"featured_media":11460,"parent":2509,"menu_order":1,"comment_status":"closed","ping_status":"closed","template":"","meta":{"ngg_post_thumbnail":0},"yoast_head":"<!-- This site is optimized with the Yoast SEO plugin v18.4.1 - https:\/\/yoast.com\/wordpress\/plugins\/seo\/ -->\n<title>Stra\u017enik - JU Zeleni prsten Zagreba\u010dke \u017eupanije<\/title>\n<meta name=\"robots\" content=\"index, follow, max-snippet:-1, max-image-preview:large, max-video-preview:-1\" \/>\n<link rel=\"canonical\" href=\"https:\/\/zeleni-prsten.hr\/portal\/zasticena-podrucja\/straznik\/\" \/>\n<meta property=\"og:locale\" content=\"hr_HR\" \/>\n<meta property=\"og:type\" content=\"article\" \/>\n<meta property=\"og:title\" content=\"Stra\u017enik - JU Zeleni prsten Zagreba\u010dke \u017eupanije\" \/>\n<meta property=\"og:description\" content=\"[vc_row full_width=&#8221;stretch_row&#8221;][vc_column][\/vc_column][\/vc_row][vc_row full_width=&#8221;stretch_row&#8221;][vc_column][vc_column_text css=&#8221;.vc_custom_1645788850271{padding-top: 2rem !important;padding-bottom: 3rem !important;}&#8221;]Upoznaj tajni svijet Stra\u017enika \u2013 u\u017eivaj u ljekovitom mirisu borova, cvrkutu ptica, cvjetnom tepihu i si\u0107u\u0161nom svijetu kukaca! Pro\u0161e\u0107i stazom kroz \u0161umu i dopusti da ti ispri\u010da svoje najskrivenije tajne. Ljepota, posebnost i [&hellip;]\" \/>\n<meta property=\"og:url\" content=\"https:\/\/zeleni-prsten.hr\/portal\/zasticena-podrucja\/straznik\/\" \/>\n<meta property=\"og:site_name\" content=\"JU Zeleni prsten Zagreba\u010dke \u017eupanije\" \/>\n<meta property=\"article:modified_time\" content=\"2022-03-07T12:49:31+00:00\" \/>\n<meta property=\"og:image\" content=\"https:\/\/zeleni-prsten.hr\/portal\/wp-content\/uploads\/2022\/02\/Naslovna-1.jpg\" \/>\n\t<meta property=\"og:image:width\" content=\"1620\" \/>\n\t<meta property=\"og:image:height\" content=\"1080\" \/>\n\t<meta property=\"og:image:type\" content=\"image\/jpeg\" \/>\n<meta name=\"twitter:card\" content=\"summary_large_image\" \/>\n<meta name=\"twitter:label1\" content=\"Procijenjeno vrijeme \u010ditanja\" \/>\n\t<meta name=\"twitter:data1\" content=\"7 minuta\" \/>\n<script type=\"application\/ld+json\" class=\"yoast-schema-graph\">{\"@context\":\"https:\/\/schema.org\",\"@graph\":[{\"@type\":\"WebSite\",\"@id\":\"https:\/\/zeleni-prsten.hr\/portal\/#website\",\"url\":\"https:\/\/zeleni-prsten.hr\/portal\/\",\"name\":\"JU Zeleni prsten Zagreba\u010dke \u017eupanije\",\"description\":\"JU Zeleni prsten Zagreba\u010dke \u017eupanije\",\"potentialAction\":[{\"@type\":\"SearchAction\",\"target\":{\"@type\":\"EntryPoint\",\"urlTemplate\":\"https:\/\/zeleni-prsten.hr\/portal\/?s={search_term_string}\"},\"query-input\":\"required name=search_term_string\"}],\"inLanguage\":\"hr\"},{\"@type\":\"ImageObject\",\"@id\":\"https:\/\/zeleni-prsten.hr\/portal\/zasticena-podrucja\/straznik\/#primaryimage\",\"inLanguage\":\"hr\",\"url\":\"https:\/\/zeleni-prsten.hr\/portal\/wp-content\/uploads\/2022\/02\/Naslovna-1.jpg\",\"contentUrl\":\"https:\/\/zeleni-prsten.hr\/portal\/wp-content\/uploads\/2022\/02\/Naslovna-1.jpg\",\"width\":1620,\"height\":1080},{\"@type\":\"WebPage\",\"@id\":\"https:\/\/zeleni-prsten.hr\/portal\/zasticena-podrucja\/straznik\/#webpage\",\"url\":\"https:\/\/zeleni-prsten.hr\/portal\/zasticena-podrucja\/straznik\/\",\"name\":\"Stra\u017enik - JU Zeleni prsten Zagreba\u010dke \u017eupanije\",\"isPartOf\":{\"@id\":\"https:\/\/zeleni-prsten.hr\/portal\/#website\"},\"primaryImageOfPage\":{\"@id\":\"https:\/\/zeleni-prsten.hr\/portal\/zasticena-podrucja\/straznik\/#primaryimage\"},\"datePublished\":\"2022-02-25T11:44:25+00:00\",\"dateModified\":\"2022-03-07T12:49:31+00:00\",\"breadcrumb\":{\"@id\":\"https:\/\/zeleni-prsten.hr\/portal\/zasticena-podrucja\/straznik\/#breadcrumb\"},\"inLanguage\":\"hr\",\"potentialAction\":[{\"@type\":\"ReadAction\",\"target\":[\"https:\/\/zeleni-prsten.hr\/portal\/zasticena-podrucja\/straznik\/\"]}]},{\"@type\":\"BreadcrumbList\",\"@id\":\"https:\/\/zeleni-prsten.hr\/portal\/zasticena-podrucja\/straznik\/#breadcrumb\",\"itemListElement\":[{\"@type\":\"ListItem\",\"position\":1,\"name\":\"Home\",\"item\":\"https:\/\/zeleni-prsten.hr\/portal\/\"},{\"@type\":\"ListItem\",\"position\":2,\"name\":\"Za\u0161ti\u0107ena podru\u010dja\",\"item\":\"https:\/\/zeleni-prsten.hr\/portal\/zasticena-podrucja\/\"},{\"@type\":\"ListItem\",\"position\":3,\"name\":\"Stra\u017enik\"}]}]}<\/script>\n<!-- \/ Yoast SEO plugin. -->","yoast_head_json":{"title":"Stra\u017enik - JU Zeleni prsten Zagreba\u010dke \u017eupanije","robots":{"index":"index","follow":"follow","max-snippet":"max-snippet:-1","max-image-preview":"max-image-preview:large","max-video-preview":"max-video-preview:-1"},"canonical":"https:\/\/zeleni-prsten.hr\/portal\/zasticena-podrucja\/straznik\/","og_locale":"hr_HR","og_type":"article","og_title":"Stra\u017enik - JU Zeleni prsten Zagreba\u010dke \u017eupanije","og_description":"[vc_row full_width=&#8221;stretch_row&#8221;][vc_column][\/vc_column][\/vc_row][vc_row full_width=&#8221;stretch_row&#8221;][vc_column][vc_column_text css=&#8221;.vc_custom_1645788850271{padding-top: 2rem !important;padding-bottom: 3rem !important;}&#8221;]Upoznaj tajni svijet Stra\u017enika \u2013 u\u017eivaj u ljekovitom mirisu borova, cvrkutu ptica, cvjetnom tepihu i si\u0107u\u0161nom svijetu kukaca! Pro\u0161e\u0107i stazom kroz \u0161umu i dopusti da ti ispri\u010da svoje najskrivenije tajne. Ljepota, posebnost i [&hellip;]","og_url":"https:\/\/zeleni-prsten.hr\/portal\/zasticena-podrucja\/straznik\/","og_site_name":"JU Zeleni prsten Zagreba\u010dke \u017eupanije","article_modified_time":"2022-03-07T12:49:31+00:00","og_image":[{"width":1620,"height":1080,"url":"https:\/\/zeleni-prsten.hr\/portal\/wp-content\/uploads\/2022\/02\/Naslovna-1.jpg","type":"image\/jpeg"}],"twitter_card":"summary_large_image","twitter_misc":{"Procijenjeno vrijeme \u010ditanja":"7 minuta"},"schema":{"@context":"https:\/\/schema.org","@graph":[{"@type":"WebSite","@id":"https:\/\/zeleni-prsten.hr\/portal\/#website","url":"https:\/\/zeleni-prsten.hr\/portal\/","name":"JU Zeleni prsten Zagreba\u010dke \u017eupanije","description":"JU Zeleni prsten Zagreba\u010dke \u017eupanije","potentialAction":[{"@type":"SearchAction","target":{"@type":"EntryPoint","urlTemplate":"https:\/\/zeleni-prsten.hr\/portal\/?s={search_term_string}"},"query-input":"required name=search_term_string"}],"inLanguage":"hr"},{"@type":"ImageObject","@id":"https:\/\/zeleni-prsten.hr\/portal\/zasticena-podrucja\/straznik\/#primaryimage","inLanguage":"hr","url":"https:\/\/zeleni-prsten.hr\/portal\/wp-content\/uploads\/2022\/02\/Naslovna-1.jpg","contentUrl":"https:\/\/zeleni-prsten.hr\/portal\/wp-content\/uploads\/2022\/02\/Naslovna-1.jpg","width":1620,"height":1080},{"@type":"WebPage","@id":"https:\/\/zeleni-prsten.hr\/portal\/zasticena-podrucja\/straznik\/#webpage","url":"https:\/\/zeleni-prsten.hr\/portal\/zasticena-podrucja\/straznik\/","name":"Stra\u017enik - JU Zeleni prsten Zagreba\u010dke \u017eupanije","isPartOf":{"@id":"https:\/\/zeleni-prsten.hr\/portal\/#website"},"primaryImageOfPage":{"@id":"https:\/\/zeleni-prsten.hr\/portal\/zasticena-podrucja\/straznik\/#primaryimage"},"datePublished":"2022-02-25T11:44:25+00:00","dateModified":"2022-03-07T12:49:31+00:00","breadcrumb":{"@id":"https:\/\/zeleni-prsten.hr\/portal\/zasticena-podrucja\/straznik\/#breadcrumb"},"inLanguage":"hr","potentialAction":[{"@type":"ReadAction","target":["https:\/\/zeleni-prsten.hr\/portal\/zasticena-podrucja\/straznik\/"]}]},{"@type":"BreadcrumbList","@id":"https:\/\/zeleni-prsten.hr\/portal\/zasticena-podrucja\/straznik\/#breadcrumb","itemListElement":[{"@type":"ListItem","position":1,"name":"Home","item":"https:\/\/zeleni-prsten.hr\/portal\/"},{"@type":"ListItem","position":2,"name":"Za\u0161ti\u0107ena podru\u010dja","item":"https:\/\/zeleni-prsten.hr\/portal\/zasticena-podrucja\/"},{"@type":"ListItem","position":3,"name":"Stra\u017enik"}]}]}},"_links":{"self":[{"href":"https:\/\/zeleni-prsten.hr\/portal\/wp-json\/wp\/v2\/pages\/11457"}],"collection":[{"href":"https:\/\/zeleni-prsten.hr\/portal\/wp-json\/wp\/v2\/pages"}],"about":[{"href":"https:\/\/zeleni-prsten.hr\/portal\/wp-json\/wp\/v2\/types\/page"}],"author":[{"embeddable":true,"href":"https:\/\/zeleni-prsten.hr\/portal\/wp-json\/wp\/v2\/users\/1"}],"replies":[{"embeddable":true,"href":"https:\/\/zeleni-prsten.hr\/portal\/wp-json\/wp\/v2\/comments?post=11457"}],"version-history":[{"count":16,"href":"https:\/\/zeleni-prsten.hr\/portal\/wp-json\/wp\/v2\/pages\/11457\/revisions"}],"predecessor-version":[{"id":12063,"href":"https:\/\/zeleni-prsten.hr\/portal\/wp-json\/wp\/v2\/pages\/11457\/revisions\/12063"}],"up":[{"embeddable":true,"href":"https:\/\/zeleni-prsten.hr\/portal\/wp-json\/wp\/v2\/pages\/2509"}],"wp:featuredmedia":[{"embeddable":true,"href":"https:\/\/zeleni-prsten.hr\/portal\/wp-json\/wp\/v2\/media\/11460"}],"wp:attachment":[{"href":"https:\/\/zeleni-prsten.hr\/portal\/wp-json\/wp\/v2\/media?parent=11457"}],"curies":[{"name":"wp","href":"https:\/\/api.w.org\/{rel}","templated":true}]}}