{"id":19199,"date":"2026-07-02T14:55:50","date_gmt":"2026-07-02T12:55:50","guid":{"rendered":"https:\/\/zeleni-prsten.hr\/portal\/?page_id=19199"},"modified":"2026-07-30T07:39:05","modified_gmt":"2026-07-30T05:39:05","slug":"climanatres","status":"publish","type":"page","link":"https:\/\/zeleni-prsten.hr\/portal\/projekti\/climanatres\/","title":{"rendered":"CLIMANATRES"},"content":{"rendered":"<p>[vc_row][vc_column]<div class=\"ult-spacer spacer-6a99184fb5ba9\" data-id=\"6a99184fb5ba9\" data-height=\"100\" data-height-mobile=\"100\" data-height-tab=\"100\" data-height-tab-portrait=\"\" data-height-mobile-landscape=\"\" style=\"clear:both;display:block;\"><\/div>[\/vc_column][\/vc_row][vc_row][vc_column width=&#8221;3\/12&#8243; css=&#8221;.vc_custom_1765274598331{background-color: #d3d3d3 !important;}&#8221;][vc_column_text css_animation=&#8221;fadeIn&#8221;]Naziv projekta:<br \/>\n<strong>Klimatsko ja\u010danje planova obnove prirode u srednjoj i donjoj dunavskoj regiji \u2013 CLIMANATRES<\/strong><\/p>\n<p>Trajanje:<br \/>\n<strong>2025. \u2013 2028.<\/strong><\/p>\n<p>Izvor financiranja:<br \/>\n<strong>Program transnacionalne suradnje Dunavske regije 2021.-2027. i MRRFEU<\/strong><\/p>\n<p>Ukupna vrijednost:<br \/>\n<strong>1.983.339,80 \u20ac; 1.586.671,84 \u20ac sufinancira EU<\/strong><\/p>\n<p>&nbsp;<\/p>\n<p><strong>Nositelj projekta:<\/strong><\/p>\n<p><a href=\"https:\/\/ecolres.hun-ren.hu\/en\/home\/\" target=\"_blank\" rel=\"noopener\"><strong>Centar za ekolo\u0161ka istra\u017eivanja, Ma\u0111arska<\/strong><\/a><\/p>\n<p><strong>Projektni partneri:<\/strong><\/p>\n<p>Hrvatska:<\/p>\n<p><a href=\"https:\/\/www.geof.unizg.hr\/\" target=\"_blank\" rel=\"noopener\"><strong>Geodetski fakultet sveu\u010dili\u0161ta u Zagrebu<\/strong><\/a><\/p>\n<p><a href=\"https:\/\/zeleni-prsten.hr\/portal\/\"><strong>JU Zeleni prsten Zagreba\u010dke \u017eupanije<\/strong><\/a><\/p>\n<p><strong>&nbsp;<\/strong>Slovenija:<\/p>\n<p><a href=\"https:\/\/www.zrc-sazu.si\/en\" target=\"_blank\" rel=\"noopener\"><strong>Istra\u017eiva\u010dki centar Slovenske akademije znanosti i umjetnosti<\/strong><\/a><\/p>\n<p><a href=\"https:\/\/www.zgs.si\/en\/\" target=\"_blank\" rel=\"noopener\"><strong>Zavod za \u0161ume Slovenije<\/strong><\/a><\/p>\n<p>Srbija:<\/p>\n<p><a href=\"https:\/\/www.ilfe.org\/\" target=\"_blank\" rel=\"noopener\"><strong>Institut za nizinsko \u0161umarstvo i \u017eivotnu sredinu<\/strong><\/a><\/p>\n<p><a href=\"https:\/\/zasavica.org.rs\" target=\"_blank\" rel=\"noopener\"><strong>Specijalni rezervat prirode Zasavica <\/strong><\/a><\/p>\n<p>Rumunjska:<\/p>\n<p><a href=\"https:\/\/unibuc.ro\/?lang=en\" target=\"_blank\" rel=\"noopener\"><strong>Sveu\u010dili\u0161te u Bukure\u0161tu<\/strong><\/a><\/p>\n<p><a href=\"https:\/\/www.usab-tm.ro\/en\/regulamente-ri\" target=\"_blank\" rel=\"noopener\"><strong>Sveu\u010dili\u0161te prirodnih znanosti \u201eKralj Mihai I\u201c <\/strong><\/a><\/p>\n<p>Bugarska:<\/p>\n<p><a href=\"https:\/\/www.nmnhs.com\/\" target=\"_blank\" rel=\"noopener\"><strong>Nacionalni prirodoslovni muzej pri Bugarskoj akademiji znanosti<\/strong><\/a><\/p>\n<p>Ma\u0111arska:<\/p>\n<p><a href=\"https:\/\/10milliofa.hu\/\" target=\"_blank\" rel=\"noopener\"><strong>Zaklada 10 milijuna stabala<\/strong><\/a><\/p>\n<p><strong>Web stranica projekta: <\/strong><\/p>\n<p><a href=\"https:\/\/interreg-danube.eu\/projects\/climanatres\" target=\"_blank\" rel=\"noopener\"><strong>https:\/\/interreg-danube.eu\/projects\/climanatres<\/strong><\/a>[\/vc_column_text][vc_raw_html]JTNDZGl2JTIwY2xhc3MlM0QlMjJkLWZsZXglMjIlMjBzdHlsZSUzRCUyMmdhcCUzQSUyMDFyZW0lM0IlMjBmb250LXNpemUlM0ElMjAyLjVyZW0lM0IlMjBsaW5lLWhlaWdodCUzQSUyMDElM0IlMjIlM0UlMEElM0NhJTIwaHJlZiUzRCUyMmh0dHBzJTNBJTJGJTJGd3d3LmZhY2Vib29rLmNvbSUyRnByb2ZpbGUucGhwJTNGaWQlM0Q2MTU3NTc1MDA2OTk3NCUyNmxvY2FsZSUzRGhyX0hSJTIyJTIwdGFyZ2V0JTNEJTIyX2JsYW5rJTIyJTIwcmVsJTNEJTIybm9vcGVuZXIlMjIlM0UlMEElM0NpJTIwY2xhc3MlM0QlMjJmYWIlMjBmYS1mYWNlYm9vayUyMiUzRSUzQyUyRmklM0UlMEElM0MlMkZhJTNFJTBBJTNDYSUyMGhyZWYlM0QlMjJodHRwcyUzQSUyRiUyRnd3dy5saW5rZWRpbi5jb20lMkZjb21wYW55JTJGcHJvamVjdC1jbGltYW5hdHJlcyUyRiUyMiUyMHRhcmdldCUzRCUyMl9ibGFuayUyMiUyMHJlbCUzRCUyMm5vb3BlbmVyJTIyJTNFJTBBJTNDaSUyMGNsYXNzJTNEJTIyZmFiJTIwZmEtbGlua2VkaW4lMjIlM0UlM0MlMkZpJTNFJTBBJTNDJTJGYSUzRSUwQSUzQ2ElMjBocmVmJTNEJTIyaHR0cHMlM0ElMkYlMkZic2t5LmFwcCUyRnByb2ZpbGUlMkZjbGltYW5hdHJlcy5ic2t5LnNvY2lhbCUyMiUyMHRhcmdldCUzRCUyMl9ibGFuayUyMiUyMHJlbCUzRCUyMm5vb3BlbmVyJTIyJTNFJTBBJTNDaW1nJTIwc3JjJTNEJTIyaHR0cHMlM0ElMkYlMkZ6ZWxlbmktcHJzdGVuLmhyJTJGcG9ydGFsJTJGd3AtY29udGVudCUyRnVwbG9hZHMlMkYyMDI2JTJGMDclMkZibHVlc2t5X2JsYWNrLnBuZyUyMiUyMGFsdCUzRCUyMkJsdWVza3klMjIlMjB3aWR0aCUzRCUyMjQwJTIyJTNFJTBBJTNDJTJGYSUzRSUwQSUzQyUyRmRpdiUzRQ==[\/vc_raw_html][\/vc_column][vc_column width=&#8221;1\/12&#8243;][\/vc_column][vc_column width=&#8221;8\/12&#8243;][vc_column_text el_class=&#8221;lh-normal&#8221;]<\/p>\n<h1 style=\"text-align: center;\"><strong>OPIS PROJEKTA<\/strong><\/h1>\n<p>Glavna ideja Projekta je pomo\u0107i prirodi du\u017e srednjeg i donjeg toka Dunava da se \u0161to bolje nosi s klimatskim promjenama, tj. s onim \u0161to se doga\u0111a zbog klimatskih promjena, a to su sve ve\u0107i i sve \u010de\u0161\u0107i ekstremi i sve ve\u0107e amplitude u vidu ekstremnih temperatura, koli\u010dina padalina, su\u0161nih perioda itd.<\/p>\n<p>Poseban naglasak je na va\u017enim prirodnim stani\u0161tima (npr. mo\u010dvare, poplavne \u0161ume, livade), uklju\u010duju\u0107i prioritetna podru\u010dja za cijelu Europsku uniju.<\/p>\n<p>\u017delja je izbje\u0107i da ta stani\u0161ta nestanu i nepovratno se promijene na gore te posti\u0107i da ona ostanu funkcionalna i korisna za biljke, \u017eivotinje i ljude.<\/p>\n<p>Koriste\u0107i pametne kompjuterske modele (vrstu &#8220;klimatske prognoze za prirodu&#8221;), kroz Projekt \u017eelimo pokazati gdje bi se pojedina stani\u0161ta najvjerojatnije mogla nalaziti u budu\u0107nosti ako se klima promijeni prema predvi\u0111anjima. Te modele \u0107emo pobolj\u0161ati i koristiti u stvarnom \u017eivotu kako bi znali gdje priroda najvi\u0161e treba pomo\u0107.<\/p>\n<p>Kroz Projekt CLIMANATRES \u017eelimo utjecati na lak\u0161e ispunjenje obaveza zemalja partnera prema EU u smislu:<\/p>\n<ul>\n<li>obnove prirode<\/li>\n<li>boljeg upravljanja za\u0161ti\u0107enim podru\u010djima<\/li>\n<li>brige o tzv. ekolo\u0161kim koridorima \u2013 &#8220;prirodnim zelenim putevima&#8221; kojima se \u017eivotinje i biljke mogu seliti i povezivati izme\u0111u razli\u010ditih mjesta, jer su im potrebni za pre\u017eivljavanje.<\/li>\n<\/ul>\n<p>&nbsp;<\/p>\n<p><em>Neka slijev Dunava i u narednih 50 godina jo\u0161 uvijek bude lijep, pun \u017eivota i koristan svim \u017eivim bi\u0107ima, unato\u010d tome \u0161to klimatski uvjeti postaju sve &#8220;te\u017ei&#8221; za prirodu.<\/em><\/p>\n<p>&nbsp;<\/p>\n<h1 style=\"text-align: center;\"><strong>CILJEVI PROJEKTA<\/strong><\/h1>\n<ol>\n<li><strong><u> Modeliranje za planiranje obnove otporne na klimatske promjene i upravljanje ekolo\u0161kim koridorima<\/u><\/strong><\/li>\n<\/ol>\n<p>Cilj je izraditi pouzdane modele koji predvi\u0111aju budu\u0107i raspored klju\u010dnih stani\u0161ta (mo\u010dvare, poplavne \u0161ume, vla\u017ene livade) pod utjecajem klimatskih promjena.<\/p>\n<p>Primjenjujemo ve\u0107 provjereni model vode\u0107eg partnera (testiran u Ma\u0111arskoj, Bavarskoj te dijelovima Slovenije, Hrvatske i Srbije), a sada ga prvi put sustavno koristimo na cijelom biogeografskom i geomorfolo\u0161ki povezanom koridoru srednjeg i donjeg toka Dunava.<\/p>\n<p>Time dobivamo jedinstvenu, znanstveno utemeljenu osnovu za strate\u0161ko planiranje obnove i povezivanja ekolo\u0161kih koridora u regiji.<\/p>\n<p>&nbsp;<\/p>\n<p>&nbsp;<\/p>\n<ol start=\"2\">\n<li><strong><u> Ja\u010danje kapaciteta za klimatski prilago\u0111eno upravljanje stani\u0161tima i obnovu prirode na lokalnoj razini <\/u><\/strong><\/li>\n<\/ol>\n<p>Modeli rezolucije 1 \u00d7 1 km daju dobar pregled regije, ali za pojedine \u0161ume ili livade potrebne su preciznije smjernice. Zato rezultate velikog prostornog obuhvata pretvaramo u prakti\u010dne alate za lokalne dionike.<\/p>\n<p>Pilot-podru\u010dja uz Sava i u slijevu Dunav\u2013Tisa uklju\u010duju lokalna klimatolo\u0161ka mjerenja, terensko prikupljanje podataka i testiranje primjene regionalnih prognoza na lokalne uvjete.<\/p>\n<p>Obnova i upravljanje za\u0161ti\u0107enim podru\u010djima na lokalnoj razini uskla\u0111uju se s klimatskim promjenama.<\/p>\n<p>&nbsp;<\/p>\n<ol start=\"3\">\n<li><strong><u> Osiguravanje primjene rezultata projekta u prilagodljivoj obnovi i ja\u010danju otpornosti ekolo\u0161kih koridora<\/u><\/strong><\/li>\n<\/ol>\n<p>\u017delimo da se rezultati projekta stvarno primjenjuju, a ne ostanu samo u izvje\u0161\u0107ima. Karte, modeli i preporuke bit \u0107e dostupni svim relevantnim dionicima tijekom i nakon projekta.<\/p>\n<p>Izradit \u0107e se i strate\u0161ke smjernice za:<\/p>\n<ul>\n<li>nacionalne i regionalne planove obnove prirode<\/li>\n<li>upravljanje za\u0161ti\u0107enim podru\u010djima<\/li>\n<li>ja\u010danje ekolo\u0161kih koridora<\/li>\n<li>ispunjavanje EU obveza (npr. Direktiva o stani\u0161tima, Strategija EU-a za bioraznolikost, EUSDR, Uredba o obnovi prirode).<\/li>\n<\/ul>\n<p>Poseban naglasak stavlja se na edukaciju i osna\u017eivanje lokalnih dionika (javne ustanove, nevladine organizacije, \u0161umari i dr.) za klimatski otporno upravljanje i obnovu stani\u0161ta na terenu.[\/vc_column_text][\/vc_column][\/vc_row][vc_row][vc_column][vc_column_text]&nbsp;<\/p>\n<p><strong><u>Glavne aktivnosti JU Zeleni prsten Zagreba\u010dke \u017eupanije<\/u><\/strong><\/p>\n<p>JU Zeleni prsten Zagreba\u010dke \u017eupanije doprinijet \u0107e provedbi projekta na nekoliko bitnih na\u010dina:<\/p>\n<ol>\n<li><strong>Iskustvo i suradnja<\/strong><\/li>\n<\/ol>\n<p>JU Zeleni prsten Zagreba\u010dke \u017eupanije ima dugogodi\u0161nje iskustvo u upravljanju za\u0161ti\u0107enim podru\u010djima i o\u010duvanju prirode, uklju\u010duju\u0107i za\u0161titu vrsta i stani\u0161ta va\u017enih za EU. Ostvaruje dobru suradnju s nadle\u017enim ministarstvom, kao i s partnerima poput Hrvatskih \u0161uma i Hrvatskih voda, te \u0107e pridonijeti \u0161irenju rezultata projekta na nacionalnoj i me\u0111unarodnoj razini, uklju\u010duju\u0107i Dunavsku regiju.<\/p>\n<ol start=\"2\">\n<li><strong>Prikupljanje podataka i testiranje modela<\/strong><\/li>\n<\/ol>\n<p>U \u0161umskim Natura 2000 podru\u010djima \u2013 \u017dutica, \u010cesma, Varo\u0161ki lug, Turopoljski lug i Stupni\u010dki lug \u2013 prikupljat \u0107e se podaci o vegetaciji, podzemnim vodama i vremenskim uvjetima putem mjernih ure\u0111aja.<\/p>\n<p>Podaci \u0107e se koristiti za izradu karata stani\u0161ta, unaprje\u0111enje i provjeru modela utjecaja klimatskih promjena te testiranje mjera prilagodbe u praksi.<\/p>\n<ol start=\"3\">\n<li><strong>Dijeljenje znanja i primjena rezultata<\/strong><\/li>\n<\/ol>\n<p>JU Zeleni prsten Zagreba\u010dke \u017eupanije dijelit \u0107e ste\u010dena znanja s drugim javnim ustanovama i tvrtkama koje upravljaju za\u0161ti\u0107enim podru\u010djima u Hrvatskoj te s partnerima u susjednim zemljama.<\/p>\n<p>U sklopu projekta provodit \u0107e sljede\u0107e aktivnosti:<\/p>\n<ul>\n<li>uklju\u010divanje rezultata u nacionalne planove i strategije<\/li>\n<li>njihova primjena u planovima upravljanja na podru\u010dju Zagreba\u010dke \u017eupanije<\/li>\n<li>izradu plana upravljanja za Stupni\u010dki lug (Natura 2000 i posebni rezervat \u0161umske vegetacije) radi dugoro\u010dne, klimatski prilago\u0111ene za\u0161tite.&nbsp;<\/li>\n<\/ul>\n<p>[\/vc_column_text]<div class=\"ult-spacer spacer-6a99184fb5c22\" data-id=\"6a99184fb5c22\" data-height=\"100\" data-height-mobile=\"100\" data-height-tab=\"100\" data-height-tab-portrait=\"\" data-height-mobile-landscape=\"\" style=\"clear:both;display:block;\"><\/div>[\/vc_column][\/vc_row][vc_row seperator_enable=&#8221;seperator_enable_value&#8221; seperator_type=&#8221;tilt_left_seperator&#8221; seperator_svg_height=&#8221;60&#8243;][vc_column width=&#8221;1\/3&#8243;]<div class=\"stats-block stats-top  \"><div class=\"aio-icon-top\"><div class=\"ult-just-icon-wrapper  \"><div class=\"align-icon\" style=\"text-align:center;\">\n<div class=\"aio-icon circle \" data-animation=\"fadeInLeft\" data-animation-delay=\"03\" style=\"color:#28961e;background:#eeeeee;font-size:64px;display:inline-block;\">\n\t<i class=\"Defaults-eur euro\"><\/i>\n<\/div><\/div><\/div><\/div><div class=\"stats-desc\" id=\"counter-responsv-wrap-4659\"><div id=\"counter_17165920516a99184fb6084\" data-id=\"counter_17165920516a99184fb6084\"  data-ultimate-target='#counter-responsv-wrap-4659 .stats-number'  data-responsive-json-new='{\"font-size\":\"\",\"line-height\":\"\"}'  class=\"stats-number ult-responsive\" style=\"font-size:28px;  \" data-speed=\"3\" data-counter-value=\"1983339.80\" data-separator=\".\" data-decimal=\",\">0<\/div><div class=\"counter_suffix mycust ult-responsive\"  data-ultimate-target='#counter-responsv-wrap-4659 .mycust'  data-responsive-json-new='{\"font-size\":\"\",\"line-height\":\"\"}'  style=\"font-size:28px; color:\">\u20ac<\/div><div id=\"counter-responsv-wrap-4659\"  data-ultimate-target='#counter-responsv-wrap-4659 .stats-text'  data-responsive-json-new='{\"font-size\":\"\",\"line-height\":\"\"}'  class=\"stats-text ult-responsive\" style=\"font-size:18px;  \">vrijednost projekta<\/div><\/div><\/div>[\/vc_column][vc_column width=&#8221;1\/3&#8243;]<div class=\"stats-block stats-top  \"><div class=\"aio-icon-top\"><div class=\"ult-just-icon-wrapper  \"><div class=\"align-icon\" style=\"text-align:center;\">\n<div class=\"aio-icon circle \" data-animation=\"fadeInRight\" data-animation-delay=\"03\" style=\"color:#28961e;background:#eeeeee;font-size:64px;display:inline-block;\">\n\t<i class=\"Defaults-star\"><\/i>\n<\/div><\/div><\/div><\/div><div class=\"stats-desc\" id=\"counter-responsv-wrap-7071\"><div id=\"counter_12622468606a99184fb60fc\" data-id=\"counter_12622468606a99184fb60fc\"  data-ultimate-target='#counter-responsv-wrap-7071 .stats-number'  data-responsive-json-new='{\"font-size\":\"\",\"line-height\":\"\"}'  class=\"stats-number ult-responsive\" style=\"font-size:28px;  \" data-speed=\"3\" data-counter-value=\"80\" data-separator=\".\" data-decimal=\",\">0<\/div><div class=\"counter_suffix mycust ult-responsive\"  data-ultimate-target='#counter-responsv-wrap-7071 .mycust'  data-responsive-json-new='{\"font-size\":\"\",\"line-height\":\"\"}'  style=\"font-size:28px; color:\">%<\/div><div id=\"counter-responsv-wrap-7071\"  data-ultimate-target='#counter-responsv-wrap-7071 .stats-text'  data-responsive-json-new='{\"font-size\":\"\",\"line-height\":\"\"}'  class=\"stats-text ult-responsive\" style=\"font-size:18px;  \">sufinancirano sredstvima EU<\/div><\/div><\/div>[\/vc_column][vc_column width=&#8221;1\/3&#8243;]<div class=\"stats-block stats-top  \"><div class=\"aio-icon-top\"><div class=\"ult-just-icon-wrapper  \"><div class=\"align-icon\" style=\"text-align:center;\">\n<div class=\"aio-icon circle \" data-animation=\"fadeInUp\" data-animation-delay=\"03\" style=\"color:#28961e;background:#eeeeee;font-size:64px;display:inline-block;\">\n\t<i class=\"Defaults-group users\"><\/i>\n<\/div><\/div><\/div><\/div><div class=\"stats-desc\" id=\"counter-responsv-wrap-9820\"><div id=\"counter_9593496706a99184fb6158\" data-id=\"counter_9593496706a99184fb6158\"  data-ultimate-target='#counter-responsv-wrap-9820 .stats-number'  data-responsive-json-new='{\"font-size\":\"\",\"line-height\":\"\"}'  class=\"stats-number ult-responsive\" style=\"font-size:28px;  \" data-speed=\"3\" data-counter-value=\"11\" data-separator=\".\" data-decimal=\",\">0<\/div><div id=\"counter-responsv-wrap-9820\"  data-ultimate-target='#counter-responsv-wrap-9820 .stats-text'  data-responsive-json-new='{\"font-size\":\"\",\"line-height\":\"\"}'  class=\"stats-text ult-responsive\" style=\"font-size:18px;  \">partnera<\/div><\/div><\/div>[\/vc_column][\/vc_row][vc_row][vc_column][vc_text_separator title=&#8221;VIJESTI&#8221; color=&#8221;sandy_brown&#8221; style=&#8221;double&#8221; el_width=&#8221;80&#8243; css_animation=&#8221;fadeIn&#8221; el_class=&#8221;homepage-separator&#8221;]<div class=\"ult-spacer spacer-6a99184fb616d\" data-id=\"6a99184fb616d\" data-height=\"40\" data-height-mobile=\"40\" data-height-tab=\"40\" data-height-tab-portrait=\"\" data-height-mobile-landscape=\"\" style=\"clear:both;display:block;\"><\/div>[vc_masonry_grid post_type=&#8221;post&#8221; max_items=&#8221;3&#8243; initial_loading_animation=&#8221;fadeIn&#8221; grid_id=&#8221;vc_gid:1785389807066-fc08d842-7c88-2&#8243; taxonomies=&#8221;804&#8243;][vc_btn title=&#8221;Sve projektne vijesti&#8221; style=&#8221;flat&#8221; color=&#8221;juicy-pink&#8221; align=&#8221;right&#8221; css_animation=&#8221;fadeIn&#8221; link=&#8221;url:https%3A%2F%2Fzeleni-prsten.hr%2Fportal%2Ftag%2Fclimanatres|||&#8221;][\/vc_column][\/vc_row][vc_row][vc_column]<div class=\"ult-spacer spacer-6a99184fb617c\" data-id=\"6a99184fb617c\" data-height=\"30\" data-height-mobile=\"30\" data-height-tab=\"30\" data-height-tab-portrait=\"\" data-height-mobile-landscape=\"\" style=\"clear:both;display:block;\"><\/div>[\/vc_column][\/vc_row][vc_row full_width=&#8221;stretch_row&#8221; bg_type=&#8221;image&#8221; parallax_style=&#8221;vcpb-vz-jquery&#8221; bg_image_new=&#8221;id^19337|url^https:\/\/zeleni-prsten.hr\/portal\/wp-content\/uploads\/2026\/07\/Zutica-.jpg|caption^null|alt^null|title^\u017dutica|description^null&#8221;][vc_column width=&#8221;1\/2&#8243; css=&#8221;.vc_custom_1616094504001{background-color: rgba(0,0,0,0.6) !important;*background-color: rgb(0,0,0) !important;}&#8221;][vc_column_text]&nbsp;<\/p>\n<h1><span style=\"color: #ffffff;\">Jeste li znali?<\/span><\/h1>\n<p><span style=\"color: #ffffff;\"><strong><em><u>Dunav \u2013 najve\u0107i prekograni\u010dni sustav za\u0161tite prirode u Europi<\/u><\/em><\/strong><\/span><br \/>\n<span style=\"color: #ffffff;\">Dunav povezuje 14 dr\u017eava koje zajedni\u010dki rade na o\u010duvanju rijeke, njezinih poplavnih podru\u010dja i bioraznolikosti. Upravljanje i za\u0161tita koordiniraju se kroz Me\u0111unarodnu komisiju za za\u0161titu rijeke Dunav, \u0161to Dunav \u010dini jednim od najve\u0107ih primjera prekograni\u010dne suradnje u za\u0161titi prirode na svijetu.<\/span><\/p>\n<p>&nbsp;[\/vc_column_text][\/vc_column][vc_column width=&#8221;1\/2&#8243;][\/vc_column][\/vc_row][vc_row][vc_column]<div class=\"ult-spacer spacer-6a99184fb6189\" data-id=\"6a99184fb6189\" data-height=\"30\" data-height-mobile=\"30\" data-height-tab=\"30\" data-height-tab-portrait=\"\" data-height-mobile-landscape=\"\" style=\"clear:both;display:block;\"><\/div>[\/vc_column][\/vc_row][vc_row][vc_column][vc_text_separator title=&#8221;PROMO MATERIJALI&#8221; color=&#8221;sandy_brown&#8221; style=&#8221;double&#8221; el_width=&#8221;80&#8243; css_animation=&#8221;fadeIn&#8221; el_class=&#8221;homepage-separator&#8221;]<div class=\"ult-spacer spacer-6a99184fb6195\" data-id=\"6a99184fb6195\" data-height=\"10\" data-height-mobile=\"10\" data-height-tab=\"10\" data-height-tab-portrait=\"\" data-height-mobile-landscape=\"\" style=\"clear:both;display:block;\"><\/div><div id=\"ult-carousel-15706692326a99184fb62cf\" class=\"ult-carousel-wrapper  bg-none ult_horizontal\" data-gutter=\"10\" data-rtl=\"false\" ><div class=\"ult-carousel-17078973876a99184fb61b5 \" >[vc_single_image image=&#8221;19236&#8243; img_size=&#8221;medium&#8221; alignment=&#8221;center&#8221; style=&#8221;vc_box_shadow&#8221; onclick=&#8221;custom_link&#8221; img_link_target=&#8221;_blank&#8221; link=&#8221;https:\/\/zeleni-prsten.hr\/portal\/wp-content\/uploads\/2026\/07\/LEAFLET.pdf&#8221;][vc_single_image image=&#8221;19237&#8243; img_size=&#8221;medium&#8221; alignment=&#8221;center&#8221; style=&#8221;vc_box_shadow&#8221; onclick=&#8221;custom_link&#8221; img_link_target=&#8221;_blank&#8221; link=&#8221;https:\/\/zeleni-prsten.hr\/portal\/wp-content\/uploads\/2026\/07\/Poster.pdf&#8221;][vc_single_image image=&#8221;19242&#8243; img_size=&#8221;medium&#8221; alignment=&#8221;center&#8221; style=&#8221;vc_box_shadow&#8221; onclick=&#8221;custom_link&#8221; img_link_target=&#8221;_blank&#8221; link=&#8221;https:\/\/zeleni-prsten.hr\/portal\/wp-content\/uploads\/2026\/07\/Project-CLIMANATRES-Newsletter-01-September-2025.pdf&#8221;][vc_single_image image=&#8221;19243&#8243; img_size=&#8221;medium&#8221; alignment=&#8221;center&#8221; style=&#8221;vc_box_shadow&#8221; onclick=&#8221;custom_link&#8221; img_link_target=&#8221;_blank&#8221; link=&#8221;https:\/\/zeleni-prsten.hr\/portal\/wp-content\/uploads\/2026\/07\/Project-CLIMANATRES-Newsletter-02-April-2026.pdf&#8221;]<\/div><\/div>\t\t\t<script type=\"text\/javascript\">\r\n\t\t\t\tjQuery(document).ready(function ($) {\r\n\t\t\t\t\tif( typeof jQuery('.ult-carousel-17078973876a99184fb61b5').slick == \"function\"){\r\n\t\t\t\t\t\t$('.ult-carousel-17078973876a99184fb61b5').slick({dots: true,autoplay: true,autoplaySpeed: 2000,speed: 2000,infinite: true,arrows: true,nextArrow: '<button type=\"button\" role=\"button\" aria-label=\"Next\" style=\"color:#333333; font-size:20px;\" class=\"slick-next default\"><i class=\"ultsl-arrow-right4\"><\/i><\/button>',prevArrow: '<button type=\"button\" role=\"button\" aria-label=\"Previous\" style=\"color:#333333; font-size:20px;\" class=\"slick-prev default\"><i class=\"ultsl-arrow-left4\"><\/i><\/button>',slidesToScroll:1,slidesToShow:3,swipe: true,draggable: true,touchMove: true,pauseOnHover: false,pauseOnFocus: false,responsive: [\r\n\t\t\t\t\t\t\t{\r\n\t\t\t\t\t\t\t  breakpoint: 1026,\r\n\t\t\t\t\t\t\t  settings: {\r\n\t\t\t\t\t\t\t\tslidesToShow: 3,\r\n\t\t\t\t\t\t\t\tslidesToScroll: 1,  \r\n\t\t\t\t\t\t\t  }\r\n\t\t\t\t\t\t\t},\r\n\t\t\t\t\t\t\t{\r\n\t\t\t\t\t\t\t  breakpoint: 1025,\r\n\t\t\t\t\t\t\t  settings: {\r\n\t\t\t\t\t\t\t\tslidesToShow: 2,\r\n\t\t\t\t\t\t\t\tslidesToScroll: 1\r\n\t\t\t\t\t\t\t  }\r\n\t\t\t\t\t\t\t},\r\n\t\t\t\t\t\t\t{\r\n\t\t\t\t\t\t\t  breakpoint: 760,\r\n\t\t\t\t\t\t\t  settings: {\r\n\t\t\t\t\t\t\t\tslidesToShow: 1,\r\n\t\t\t\t\t\t\t\tslidesToScroll: 1\r\n\t\t\t\t\t\t\t  }\r\n\t\t\t\t\t\t\t}\r\n\t\t\t\t\t\t],pauseOnDotsHover: true,customPaging: function(slider, i) {\r\n                   return '<i type=\"button\" style= \"color:#333333;\" class=\"ultsl-record\" data-role=\"none\"><\/i>';\r\n                },});\r\n\t\t\t\t\t}\r\n\t\t\t\t});\r\n\t\t\t<\/script>\r\n\t\t\t[\/vc_column][\/vc_row][vc_row][vc_column]<div class=\"ult-spacer spacer-6a99184fb6306\" data-id=\"6a99184fb6306\" data-height=\"30\" data-height-mobile=\"30\" data-height-tab=\"30\" data-height-tab-portrait=\"\" data-height-mobile-landscape=\"\" style=\"clear:both;display:block;\"><\/div>[\/vc_column][\/vc_row][vc_row][vc_column][vc_text_separator title=&#8221;DOKUMENTI&#8221; color=&#8221;sandy_brown&#8221; style=&#8221;double&#8221; el_width=&#8221;80&#8243; css_animation=&#8221;fadeIn&#8221; el_class=&#8221;homepage-separator&#8221;]<div class=\"ult-spacer spacer-6a99184fb6312\" data-id=\"6a99184fb6312\" data-height=\"40\" data-height-mobile=\"40\" data-height-tab=\"40\" data-height-tab-portrait=\"\" data-height-mobile-landscape=\"\" style=\"clear:both;display:block;\"><\/div>[\/vc_column][\/vc_row][vc_row el_class=&#8221;documents&#8221;][vc_column width=&#8221;1\/3&#8243;][vc_hoverbox image=&#8221;19232&#8243; primary_title=&#8221;&#8221; hover_title=&#8221;Workshop&#8221; hover_title_font_container=&#8221;color:%23ffffff&#8221; hover_title_use_theme_fonts=&#8221;yes&#8221; hover_background_color=&#8221;custom&#8221; hover_btn_title=&#8221;Preuzmi PDF&#8221; hover_btn_style=&#8221;classic&#8221; hover_btn_color=&#8221;sandy-brown&#8221; hover_btn_size=&#8221;lg&#8221; hover_btn_align=&#8221;center&#8221; hover_btn_i_icon_fontawesome=&#8221;fas fa-file-pdf&#8221; use_custom_fonts_hover_title=&#8221;true&#8221; hover_add_button=&#8221;true&#8221; hover_btn_add_icon=&#8221;true&#8221; hover_btn_link=&#8221;url:https%3A%2F%2Fzeleni-prsten.hr%2Fportal%2Fwp-content%2Fuploads%2F2026%2F07%2F01_Expert-workshops.pdf||target:%20_blank|&#8221; hover_custom_background=&#8221;#28961e&#8221;]<span style=\"color: #ffffff;\">Expert workshops<\/span>[\/vc_hoverbox][\/vc_column][vc_column width=&#8221;1\/3&#8243;][vc_hoverbox image=&#8221;19227&#8243; primary_title=&#8221;&#8221; hover_title=&#8221;&#8221; hover_title_font_container=&#8221;color:%23ffffff&#8221; hover_title_use_theme_fonts=&#8221;yes&#8221; hover_background_color=&#8221;custom&#8221; hover_btn_title=&#8221;Preuzmi PDF&#8221; hover_btn_style=&#8221;classic&#8221; hover_btn_color=&#8221;sandy-brown&#8221; hover_btn_size=&#8221;lg&#8221; hover_btn_align=&#8221;center&#8221; hover_btn_i_icon_fontawesome=&#8221;fas fa-file-pdf&#8221; use_custom_fonts_hover_title=&#8221;true&#8221; hover_add_button=&#8221;true&#8221; hover_btn_add_icon=&#8221;true&#8221; hover_btn_link=&#8221;url:https%3A%2F%2Fzeleni-prsten.hr%2Fportal%2Fwp-content%2Fuploads%2F2026%2F07%2F02_Habitat-categories.pdf||target:%20_blank|&#8221; hover_custom_background=&#8221;#28961e&#8221;]<span style=\"color: #ffffff;\">Habitat categories<\/span>[\/vc_hoverbox][\/vc_column][vc_column width=&#8221;1\/3&#8243;][vc_hoverbox image=&#8221;19228&#8243; primary_title=&#8221;&#8221; hover_title=&#8221;Guidelines&#8221; hover_title_font_container=&#8221;color:%23ffffff&#8221; hover_title_use_theme_fonts=&#8221;yes&#8221; hover_background_color=&#8221;custom&#8221; hover_btn_title=&#8221;Preuzmi PDF&#8221; hover_btn_style=&#8221;classic&#8221; hover_btn_color=&#8221;sandy-brown&#8221; hover_btn_size=&#8221;lg&#8221; hover_btn_align=&#8221;center&#8221; hover_btn_i_icon_fontawesome=&#8221;fas fa-file-pdf&#8221; use_custom_fonts_hover_title=&#8221;true&#8221; hover_add_button=&#8221;true&#8221; hover_btn_add_icon=&#8221;true&#8221; hover_btn_link=&#8221;url:https%3A%2F%2Fzeleni-prsten.hr%2Fportal%2Fwp-content%2Fuploads%2F2026%2F07%2F03_Guidelines-for-vegetation-mapping.pdf||target:%20_blank|&#8221; hover_custom_background=&#8221;#28961e&#8221;]<span style=\"color: #ffffff;\">Guidelines for vegetation mapping<\/span>[\/vc_hoverbox][\/vc_column][\/vc_row][vc_row][vc_column]<div class=\"ult-spacer spacer-6a99184fb632f\" data-id=\"6a99184fb632f\" data-height=\"40\" data-height-mobile=\"40\" data-height-tab=\"40\" data-height-tab-portrait=\"\" data-height-mobile-landscape=\"\" style=\"clear:both;display:block;\"><\/div>[\/vc_column][\/vc_row][vc_row el_class=&#8221;documents&#8221;][vc_column width=&#8221;1\/3&#8243;][vc_hoverbox image=&#8221;19229&#8243; primary_title=&#8221;&#8221; hover_title=&#8221;Meeting&#8221; hover_title_font_container=&#8221;color:%23ffffff&#8221; hover_title_use_theme_fonts=&#8221;yes&#8221; hover_background_color=&#8221;custom&#8221; hover_btn_title=&#8221;Preuzmi PDF&#8221; hover_btn_style=&#8221;classic&#8221; hover_btn_color=&#8221;sandy-brown&#8221; hover_btn_size=&#8221;lg&#8221; hover_btn_align=&#8221;center&#8221; hover_btn_i_icon_fontawesome=&#8221;fas fa-file-pdf&#8221; use_custom_fonts_hover_title=&#8221;true&#8221; hover_add_button=&#8221;true&#8221; hover_btn_add_icon=&#8221;true&#8221; hover_btn_link=&#8221;url:https%3A%2F%2Fzeleni-prsten.hr%2Fportal%2Fwp-content%2Fuploads%2F2026%2F07%2F04_Kick-off-meeting.pdf||target:%20_blank|&#8221; hover_custom_background=&#8221;#28961e&#8221;]<span style=\"color: #ffffff;\">Kick-off meeting<\/span>[\/vc_hoverbox][\/vc_column][vc_column width=&#8221;1\/3&#8243;][vc_hoverbox image=&#8221;19230&#8243; primary_title=&#8221;&#8221; hover_title=&#8221;Workshop&#8221; hover_title_font_container=&#8221;color:%23ffffff&#8221; hover_title_use_theme_fonts=&#8221;yes&#8221; hover_background_color=&#8221;custom&#8221; hover_btn_title=&#8221;Preuzmi PDF&#8221; hover_btn_style=&#8221;classic&#8221; hover_btn_color=&#8221;sandy-brown&#8221; hover_btn_size=&#8221;lg&#8221; hover_btn_align=&#8221;center&#8221; hover_btn_i_icon_fontawesome=&#8221;fas fa-file-pdf&#8221; use_custom_fonts_hover_title=&#8221;true&#8221; hover_add_button=&#8221;true&#8221; hover_btn_add_icon=&#8221;true&#8221; hover_btn_link=&#8221;url:https%3A%2F%2Fzeleni-prsten.hr%2Fportal%2Fwp-content%2Fuploads%2F2026%2F07%2F05_Zasavica-workshop.pdf||target:%20_blank|&#8221; hover_custom_background=&#8221;#28961e&#8221;]<span style=\"color: #ffffff;\">Zasavica workshop<\/span>[\/vc_hoverbox][\/vc_column][vc_column width=&#8221;1\/3&#8243;][vc_hoverbox image=&#8221;19231&#8243; primary_title=&#8221;&#8221; hover_title=&#8221;Synthesis&#8221; hover_title_font_container=&#8221;color:%23ffffff&#8221; hover_title_use_theme_fonts=&#8221;yes&#8221; hover_background_color=&#8221;custom&#8221; hover_btn_title=&#8221;Preuzmi PDF&#8221; hover_btn_style=&#8221;classic&#8221; hover_btn_color=&#8221;sandy-brown&#8221; hover_btn_size=&#8221;lg&#8221; hover_btn_align=&#8221;center&#8221; hover_btn_i_icon_fontawesome=&#8221;fas fa-file-pdf&#8221; use_custom_fonts_hover_title=&#8221;true&#8221; hover_add_button=&#8221;true&#8221; hover_btn_add_icon=&#8221;true&#8221; hover_btn_link=&#8221;url:https%3A%2F%2Fzeleni-prsten.hr%2Fportal%2Fwp-content%2Fuploads%2F2026%2F07%2F06_Synthesis-of-challenges-encountered-by-local-nature-conservation-actors.pdf||target:%20_blank|&#8221; hover_custom_background=&#8221;#28961e&#8221;]<span style=\"color: #ffffff;\">Synthesis of challenges encountered by local nature conservation actors<\/span>[\/vc_hoverbox][\/vc_column][\/vc_row][vc_row][vc_column]<div class=\"ult-spacer spacer-6a99184fb633a\" data-id=\"6a99184fb633a\" data-height=\"30\" data-height-mobile=\"30\" data-height-tab=\"30\" data-height-tab-portrait=\"\" data-height-mobile-landscape=\"\" style=\"clear:both;display:block;\"><\/div>[\/vc_column][\/vc_row][vc_row][vc_column][vc_text_separator title=&#8221;CLIMANATRES&#8221; color=&#8221;sandy_brown&#8221; style=&#8221;double&#8221; el_width=&#8221;80&#8243; css_animation=&#8221;fadeIn&#8221; el_class=&#8221;homepage-separator&#8221;]<div class=\"ult-spacer spacer-6a99184fb6343\" data-id=\"6a99184fb6343\" data-height=\"40\" data-height-mobile=\"40\" data-height-tab=\"40\" data-height-tab-portrait=\"\" data-height-mobile-landscape=\"\" style=\"clear:both;display:block;\"><\/div><div id=\"ult-carousel-2579411466a99184fb6365\" class=\"ult-carousel-wrapper  bg-none ult_horizontal\" data-gutter=\"10\" data-rtl=\"false\" ><div class=\"ult-carousel-7274219556a99184fb6356 \" >[vc_single_image image=&#8221;19203&#8243; img_size=&#8221;full&#8221; alignment=&#8221;center&#8221; style=&#8221;vc_box_rounded&#8221;]<\/div><\/div>\t\t\t<script type=\"text\/javascript\">\r\n\t\t\t\tjQuery(document).ready(function ($) {\r\n\t\t\t\t\tif( typeof jQuery('.ult-carousel-7274219556a99184fb6356').slick == \"function\"){\r\n\t\t\t\t\t\t$('.ult-carousel-7274219556a99184fb6356').slick({dots: false,autoplay: true,autoplaySpeed: 2000,speed: 2000,infinite: false,arrows: false,slidesToScroll:1,slidesToShow:1,swipe: true,draggable: true,touchMove: true,pauseOnHover: false,pauseOnFocus: false,responsive: [\r\n\t\t\t\t\t\t\t{\r\n\t\t\t\t\t\t\t  breakpoint: 1026,\r\n\t\t\t\t\t\t\t  settings: {\r\n\t\t\t\t\t\t\t\tslidesToShow: 1,\r\n\t\t\t\t\t\t\t\tslidesToScroll: 1,  \r\n\t\t\t\t\t\t\t  }\r\n\t\t\t\t\t\t\t},\r\n\t\t\t\t\t\t\t{\r\n\t\t\t\t\t\t\t  breakpoint: 1025,\r\n\t\t\t\t\t\t\t  settings: {\r\n\t\t\t\t\t\t\t\tslidesToShow: 1,\r\n\t\t\t\t\t\t\t\tslidesToScroll: 1\r\n\t\t\t\t\t\t\t  }\r\n\t\t\t\t\t\t\t},\r\n\t\t\t\t\t\t\t{\r\n\t\t\t\t\t\t\t  breakpoint: 760,\r\n\t\t\t\t\t\t\t  settings: {\r\n\t\t\t\t\t\t\t\tslidesToShow: 1,\r\n\t\t\t\t\t\t\t\tslidesToScroll: 1\r\n\t\t\t\t\t\t\t  }\r\n\t\t\t\t\t\t\t}\r\n\t\t\t\t\t\t],pauseOnDotsHover: true,customPaging: function(slider, i) {\r\n                   return '<i type=\"button\" style= \"color:#333333;\" class=\"ultsl-record\" data-role=\"none\"><\/i>';\r\n                },});\r\n\t\t\t\t\t}\r\n\t\t\t\t});\r\n\t\t\t<\/script>\r\n\t\t\t[\/vc_column][\/vc_row][vc_row][vc_column][vc_column_text]<\/p>\n<h5>Ovaj projekt sufinanciran je sredstvima Europske unije u okviru Programa transnacionalne suradnje Dunavske regije 2021.-2027.<\/h5>\n<p>[\/vc_column_text][\/vc_column][\/vc_row]<\/p>\n","protected":false},"excerpt":{"rendered":"<p>[vc_row][vc_column][\/vc_column][\/vc_row][vc_row][vc_column width=&#8221;3\/12&#8243; css=&#8221;.vc_custom_1765274598331{background-color: #d3d3d3 !important;}&#8221;][vc_column_text css_animation=&#8221;fadeIn&#8221;]Naziv projekta: Klimatsko ja\u010danje planova obnove prirode u srednjoj i donjoj dunavskoj regiji \u2013 CLIMANATRES Trajanje: 2025. \u2013 2028. Izvor financiranja: Program transnacionalne suradnje Dunavske regije 2021.-2027. i MRRFEU Ukupna vrijednost: 1.983.339,80 \u20ac; 1.586.671,84 \u20ac [&hellip;]<\/p>\n","protected":false},"author":1,"featured_media":19336,"parent":18234,"menu_order":0,"comment_status":"closed","ping_status":"closed","template":"","meta":{"ngg_post_thumbnail":0},"yoast_head":"<!-- This site is optimized with the Yoast SEO plugin v18.4.1 - https:\/\/yoast.com\/wordpress\/plugins\/seo\/ -->\n<title>CLIMANATRES - JU Zeleni prsten Zagreba\u010dke \u017eupanije<\/title>\n<meta name=\"robots\" content=\"index, follow, max-snippet:-1, max-image-preview:large, max-video-preview:-1\" \/>\n<link rel=\"canonical\" href=\"https:\/\/zeleni-prsten.hr\/portal\/projekti\/climanatres\/\" \/>\n<meta property=\"og:locale\" content=\"hr_HR\" \/>\n<meta property=\"og:type\" content=\"article\" \/>\n<meta property=\"og:title\" content=\"CLIMANATRES - JU Zeleni prsten Zagreba\u010dke \u017eupanije\" \/>\n<meta property=\"og:description\" content=\"[vc_row][vc_column][\/vc_column][\/vc_row][vc_row][vc_column width=&#8221;3\/12&#8243; css=&#8221;.vc_custom_1765274598331{background-color: #d3d3d3 !important;}&#8221;][vc_column_text css_animation=&#8221;fadeIn&#8221;]Naziv projekta: Klimatsko ja\u010danje planova obnove prirode u srednjoj i donjoj dunavskoj regiji \u2013 CLIMANATRES Trajanje: 2025. \u2013 2028. Izvor financiranja: Program transnacionalne suradnje Dunavske regije 2021.-2027. i MRRFEU Ukupna vrijednost: 1.983.339,80 \u20ac; 1.586.671,84 \u20ac [&hellip;]\" \/>\n<meta property=\"og:url\" content=\"https:\/\/zeleni-prsten.hr\/portal\/projekti\/climanatres\/\" \/>\n<meta property=\"og:site_name\" content=\"JU Zeleni prsten Zagreba\u010dke \u017eupanije\" \/>\n<meta property=\"article:modified_time\" content=\"2026-07-30T05:39:05+00:00\" \/>\n<meta property=\"og:image\" content=\"https:\/\/zeleni-prsten.hr\/portal\/wp-content\/uploads\/2026\/07\/Stupnicki-lug-.jpg\" \/>\n\t<meta property=\"og:image:width\" content=\"1620\" \/>\n\t<meta property=\"og:image:height\" content=\"1080\" \/>\n\t<meta property=\"og:image:type\" content=\"image\/jpeg\" \/>\n<meta name=\"twitter:card\" content=\"summary_large_image\" \/>\n<meta name=\"twitter:label1\" content=\"Procijenjeno vrijeme \u010ditanja\" \/>\n\t<meta name=\"twitter:data1\" content=\"7 minuta\" \/>\n<script type=\"application\/ld+json\" class=\"yoast-schema-graph\">{\"@context\":\"https:\/\/schema.org\",\"@graph\":[{\"@type\":\"WebSite\",\"@id\":\"https:\/\/zeleni-prsten.hr\/portal\/#website\",\"url\":\"https:\/\/zeleni-prsten.hr\/portal\/\",\"name\":\"JU Zeleni prsten Zagreba\u010dke \u017eupanije\",\"description\":\"JU Zeleni prsten Zagreba\u010dke \u017eupanije\",\"potentialAction\":[{\"@type\":\"SearchAction\",\"target\":{\"@type\":\"EntryPoint\",\"urlTemplate\":\"https:\/\/zeleni-prsten.hr\/portal\/?s={search_term_string}\"},\"query-input\":\"required name=search_term_string\"}],\"inLanguage\":\"hr\"},{\"@type\":\"ImageObject\",\"@id\":\"https:\/\/zeleni-prsten.hr\/portal\/projekti\/climanatres\/#primaryimage\",\"inLanguage\":\"hr\",\"url\":\"https:\/\/zeleni-prsten.hr\/portal\/wp-content\/uploads\/2026\/07\/Stupnicki-lug-.jpg\",\"contentUrl\":\"https:\/\/zeleni-prsten.hr\/portal\/wp-content\/uploads\/2026\/07\/Stupnicki-lug-.jpg\",\"width\":1620,\"height\":1080},{\"@type\":\"WebPage\",\"@id\":\"https:\/\/zeleni-prsten.hr\/portal\/projekti\/climanatres\/#webpage\",\"url\":\"https:\/\/zeleni-prsten.hr\/portal\/projekti\/climanatres\/\",\"name\":\"CLIMANATRES - JU Zeleni prsten Zagreba\u010dke \u017eupanije\",\"isPartOf\":{\"@id\":\"https:\/\/zeleni-prsten.hr\/portal\/#website\"},\"primaryImageOfPage\":{\"@id\":\"https:\/\/zeleni-prsten.hr\/portal\/projekti\/climanatres\/#primaryimage\"},\"datePublished\":\"2026-07-02T12:55:50+00:00\",\"dateModified\":\"2026-07-30T05:39:05+00:00\",\"breadcrumb\":{\"@id\":\"https:\/\/zeleni-prsten.hr\/portal\/projekti\/climanatres\/#breadcrumb\"},\"inLanguage\":\"hr\",\"potentialAction\":[{\"@type\":\"ReadAction\",\"target\":[\"https:\/\/zeleni-prsten.hr\/portal\/projekti\/climanatres\/\"]}]},{\"@type\":\"BreadcrumbList\",\"@id\":\"https:\/\/zeleni-prsten.hr\/portal\/projekti\/climanatres\/#breadcrumb\",\"itemListElement\":[{\"@type\":\"ListItem\",\"position\":1,\"name\":\"Home\",\"item\":\"https:\/\/zeleni-prsten.hr\/portal\/\"},{\"@type\":\"ListItem\",\"position\":2,\"name\":\"Projekti\",\"item\":\"https:\/\/zeleni-prsten.hr\/portal\/projekti\/\"},{\"@type\":\"ListItem\",\"position\":3,\"name\":\"CLIMANATRES\"}]}]}<\/script>\n<!-- \/ Yoast SEO plugin. -->","yoast_head_json":{"title":"CLIMANATRES - JU Zeleni prsten Zagreba\u010dke \u017eupanije","robots":{"index":"index","follow":"follow","max-snippet":"max-snippet:-1","max-image-preview":"max-image-preview:large","max-video-preview":"max-video-preview:-1"},"canonical":"https:\/\/zeleni-prsten.hr\/portal\/projekti\/climanatres\/","og_locale":"hr_HR","og_type":"article","og_title":"CLIMANATRES - JU Zeleni prsten Zagreba\u010dke \u017eupanije","og_description":"[vc_row][vc_column][\/vc_column][\/vc_row][vc_row][vc_column width=&#8221;3\/12&#8243; css=&#8221;.vc_custom_1765274598331{background-color: #d3d3d3 !important;}&#8221;][vc_column_text css_animation=&#8221;fadeIn&#8221;]Naziv projekta: Klimatsko ja\u010danje planova obnove prirode u srednjoj i donjoj dunavskoj regiji \u2013 CLIMANATRES Trajanje: 2025. \u2013 2028. Izvor financiranja: Program transnacionalne suradnje Dunavske regije 2021.-2027. i MRRFEU Ukupna vrijednost: 1.983.339,80 \u20ac; 1.586.671,84 \u20ac [&hellip;]","og_url":"https:\/\/zeleni-prsten.hr\/portal\/projekti\/climanatres\/","og_site_name":"JU Zeleni prsten Zagreba\u010dke \u017eupanije","article_modified_time":"2026-07-30T05:39:05+00:00","og_image":[{"width":1620,"height":1080,"url":"https:\/\/zeleni-prsten.hr\/portal\/wp-content\/uploads\/2026\/07\/Stupnicki-lug-.jpg","type":"image\/jpeg"}],"twitter_card":"summary_large_image","twitter_misc":{"Procijenjeno vrijeme \u010ditanja":"7 minuta"},"schema":{"@context":"https:\/\/schema.org","@graph":[{"@type":"WebSite","@id":"https:\/\/zeleni-prsten.hr\/portal\/#website","url":"https:\/\/zeleni-prsten.hr\/portal\/","name":"JU Zeleni prsten Zagreba\u010dke \u017eupanije","description":"JU Zeleni prsten Zagreba\u010dke \u017eupanije","potentialAction":[{"@type":"SearchAction","target":{"@type":"EntryPoint","urlTemplate":"https:\/\/zeleni-prsten.hr\/portal\/?s={search_term_string}"},"query-input":"required name=search_term_string"}],"inLanguage":"hr"},{"@type":"ImageObject","@id":"https:\/\/zeleni-prsten.hr\/portal\/projekti\/climanatres\/#primaryimage","inLanguage":"hr","url":"https:\/\/zeleni-prsten.hr\/portal\/wp-content\/uploads\/2026\/07\/Stupnicki-lug-.jpg","contentUrl":"https:\/\/zeleni-prsten.hr\/portal\/wp-content\/uploads\/2026\/07\/Stupnicki-lug-.jpg","width":1620,"height":1080},{"@type":"WebPage","@id":"https:\/\/zeleni-prsten.hr\/portal\/projekti\/climanatres\/#webpage","url":"https:\/\/zeleni-prsten.hr\/portal\/projekti\/climanatres\/","name":"CLIMANATRES - JU Zeleni prsten Zagreba\u010dke \u017eupanije","isPartOf":{"@id":"https:\/\/zeleni-prsten.hr\/portal\/#website"},"primaryImageOfPage":{"@id":"https:\/\/zeleni-prsten.hr\/portal\/projekti\/climanatres\/#primaryimage"},"datePublished":"2026-07-02T12:55:50+00:00","dateModified":"2026-07-30T05:39:05+00:00","breadcrumb":{"@id":"https:\/\/zeleni-prsten.hr\/portal\/projekti\/climanatres\/#breadcrumb"},"inLanguage":"hr","potentialAction":[{"@type":"ReadAction","target":["https:\/\/zeleni-prsten.hr\/portal\/projekti\/climanatres\/"]}]},{"@type":"BreadcrumbList","@id":"https:\/\/zeleni-prsten.hr\/portal\/projekti\/climanatres\/#breadcrumb","itemListElement":[{"@type":"ListItem","position":1,"name":"Home","item":"https:\/\/zeleni-prsten.hr\/portal\/"},{"@type":"ListItem","position":2,"name":"Projekti","item":"https:\/\/zeleni-prsten.hr\/portal\/projekti\/"},{"@type":"ListItem","position":3,"name":"CLIMANATRES"}]}]}},"_links":{"self":[{"href":"https:\/\/zeleni-prsten.hr\/portal\/wp-json\/wp\/v2\/pages\/19199"}],"collection":[{"href":"https:\/\/zeleni-prsten.hr\/portal\/wp-json\/wp\/v2\/pages"}],"about":[{"href":"https:\/\/zeleni-prsten.hr\/portal\/wp-json\/wp\/v2\/types\/page"}],"author":[{"embeddable":true,"href":"https:\/\/zeleni-prsten.hr\/portal\/wp-json\/wp\/v2\/users\/1"}],"replies":[{"embeddable":true,"href":"https:\/\/zeleni-prsten.hr\/portal\/wp-json\/wp\/v2\/comments?post=19199"}],"version-history":[{"count":25,"href":"https:\/\/zeleni-prsten.hr\/portal\/wp-json\/wp\/v2\/pages\/19199\/revisions"}],"predecessor-version":[{"id":19425,"href":"https:\/\/zeleni-prsten.hr\/portal\/wp-json\/wp\/v2\/pages\/19199\/revisions\/19425"}],"up":[{"embeddable":true,"href":"https:\/\/zeleni-prsten.hr\/portal\/wp-json\/wp\/v2\/pages\/18234"}],"wp:featuredmedia":[{"embeddable":true,"href":"https:\/\/zeleni-prsten.hr\/portal\/wp-json\/wp\/v2\/media\/19336"}],"wp:attachment":[{"href":"https:\/\/zeleni-prsten.hr\/portal\/wp-json\/wp\/v2\/media?parent=19199"}],"curies":[{"name":"wp","href":"https:\/\/api.w.org\/{rel}","templated":true}]}}