{"id":734,"date":"2016-03-01T00:52:19","date_gmt":"2016-03-01T00:52:19","guid":{"rendered":"http:\/\/files.skylartheme.net\/?page_id=734"},"modified":"2025-03-19T12:01:48","modified_gmt":"2025-03-19T11:01:48","slug":"publikacije","status":"publish","type":"page","link":"https:\/\/zeleni-prsten.hr\/portal\/publikacije\/","title":{"rendered":"Publikacije"},"content":{"rendered":"<p>[vc_row css=&#8221;.vc_custom_1616027557234{background-color: #f5f5f5 !important;}&#8221;][vc_column]<div class=\"ult-spacer spacer-69f5dbd7813d5\" data-id=\"69f5dbd7813d5\" data-height=\"75\" data-height-mobile=\"75\" data-height-tab=\"75\" data-height-tab-portrait=\"\" data-height-mobile-landscape=\"\" style=\"clear:both;display:block;\"><\/div>[\/vc_column][\/vc_row][vc_row][vc_column width=&#8221;1\/2&#8243; css=&#8221;.vc_custom_1616028410803{background-color: #ffffff !important;}&#8221; el_class=&#8221;square-left&#8221;][vc_column_text]<\/p>\n<h2><strong>Tajanstveni svijet Zagreba\u010dke \u017eupanije<\/strong><\/h2>\n<p>Podru\u010dje Zagreba\u010dke \u017eupanije karakterizira bogatstvo prirodnih resursa, u kojem se isti\u010du \u0161ume, mo\u010dvarni prostori, kr\u0161ki fenomeni te velika raznolikost biljnog i \u017eivotinjskog svijeta. Za\u0161ti\u0107ena podru\u010dja zauzimaju \u010dak 37.690 ha \u0161to je 12,2% povr\u0161ine Zagreba\u010dke \u017eupanije. Ako ste zaljubljenici u prirodu, aktivni odmor i rekreaciju, za\u0161ti\u0107eni predjeli Zagreba\u010dke \u017eupanije mjesto su koje morate posjetiti.&nbsp;<\/p>\n<p>Preuzmite <a href=\"https:\/\/zeleni-prsten.hr\/portal\/wp-content\/uploads\/2021\/03\/Tajanstveni-Svijet-Zagrebacke-zupanije.pdf\">hr.<\/a> i <a href=\"https:\/\/zeleni-prsten.hr\/portal\/wp-content\/uploads\/2022\/02\/Tajanstveni Svijet Zagrebacke \u017eupanije ENG.pdf\">engl.<\/a>[\/vc_column_text][\/vc_column][vc_column width=&#8221;1\/2&#8243; css=&#8221;.vc_custom_1616028400967{padding-top: 0px !important;padding-right: 0px !important;padding-bottom: 0px !important;padding-left: 0px !important;}&#8221;][vc_single_image image=&#8221;11115&#8243; img_size=&#8221;800&#215;800&#8243; alignment=&#8221;right&#8221;][\/vc_column][\/vc_row][vc_row css=&#8221;.vc_custom_1616027557234{background-color: #f5f5f5 !important;}&#8221;][vc_column]<div class=\"ult-spacer spacer-69f5dbd7813f5\" data-id=\"69f5dbd7813f5\" data-height=\"75\" data-height-mobile=\"75\" data-height-tab=\"75\" data-height-tab-portrait=\"\" data-height-mobile-landscape=\"\" style=\"clear:both;display:block;\"><\/div>[\/vc_column][\/vc_row][vc_row][vc_column width=&#8221;1\/2&#8243; css=&#8221;.vc_custom_1616028400967{padding-top: 0px !important;padding-right: 0px !important;padding-bottom: 0px !important;padding-left: 0px !important;}&#8221;][vc_single_image image=&#8221;11208&#8243; img_size=&#8221;800&#215;800&#8243; alignment=&#8221;right&#8221;][\/vc_column][vc_column width=&#8221;1\/2&#8243; css=&#8221;.vc_custom_1616028838001{background-color: #ffffff !important;}&#8221; el_class=&#8221;square-right&#8221;][vc_column_text]<\/p>\n<h2><strong>Bijela roda<\/strong><\/h2>\n<p>Bijela roda jedna je od najpopularnijih pti\u010djih vrsta u Hrvatskoj, ne samo zbog legende da rode nose djecu ve\u0107 zbog su\u017eivota s \u010dovjekom. Rode ve\u0107inu svog \u017eivota provedu kraj \u010dovjeka, gnijezde se u selima, na krovovima ku\u0107a, crkava, vatrogasnih domova, \u0161tagljevima, stupovima od elektre, a hrane na poljoprivrednim povr\u0161inama. Rode su dio identiteta hrvatskog sela. Njihovo dolazak i odlazak najavljuje smjenu godi\u0161njih doba.<\/p>\n<p>Bro\u0161uru preuzmite <a href=\"https:\/\/zeleni-prsten.hr\/portal\/wp-content\/uploads\/2023\/01\/Brosura-Bijela-roda_komplet_20-09-2021_za-web.pdf\">ovdje<\/a>.[\/vc_column_text][\/vc_column][\/vc_row][vc_row css=&#8221;.vc_custom_1616027557234{background-color: #f5f5f5 !important;}&#8221;][vc_column]<div class=\"ult-spacer spacer-69f5dbd781406\" data-id=\"69f5dbd781406\" data-height=\"75\" data-height-mobile=\"75\" data-height-tab=\"75\" data-height-tab-portrait=\"\" data-height-mobile-landscape=\"\" style=\"clear:both;display:block;\"><\/div>[\/vc_column][\/vc_row][vc_row][vc_column width=&#8221;1\/2&#8243; css=&#8221;.vc_custom_1616028410803{background-color: #ffffff !important;}&#8221; el_class=&#8221;square-left&#8221;][vc_column_text]<\/p>\n<h2><strong>Ljepotica i zvijer<\/strong><\/h2>\n<p>Invazivne vrste jedan su od najve\u0107ih izazova 21. stolje\u0107a. Drugi su najve\u0107i uzrok gubitka bioraznolikosti u svijetu, \u0161tete na\u0161em zdravlju, prirodi, ali i gospodarstvu. U zadnjih 20 godina, na podru\u010dju Europske unije, uzrokovale su \u0161tete od barem 12 milijardi \u20ac godi\u0161nje, a o\u010dekuje se da \u0107e \u0161teta rasti.<br \/>\nPublikacija je nastala u sklopu projekta Sava TIES, financiranog sredstvima EU &#8211; Europski fond za regionalni razvoj \u2013 <strong>ERDF<\/strong> i program <strong>IPA<\/strong>.<\/p>\n<p>Preuzmite <a href=\"https:\/\/zeleni-prsten.hr\/portal\/wp-content\/uploads\/2022\/02\/Brosura_Invanzivne_HR_28-05-2021.pdf\">hrv.,<\/a> <a href=\"https:\/\/zeleni-prsten.hr\/portal\/wp-content\/uploads\/2022\/02\/Brosura_Invanzivne_ENG_29-05-2021_web.pdf\">engl.<\/a> i <a href=\"https:\/\/zeleni-prsten.hr\/portal\/wp-content\/uploads\/2022\/02\/Brosura_Invanzivne_DE_29-05-2021_web.pdf\">njem.<\/a>.[\/vc_column_text][\/vc_column][vc_column width=&#8221;1\/2&#8243; css=&#8221;.vc_custom_1616028400967{padding-top: 0px !important;padding-right: 0px !important;padding-bottom: 0px !important;padding-left: 0px !important;}&#8221;][vc_single_image image=&#8221;11113&#8243; img_size=&#8221;800&#215;800&#8243; alignment=&#8221;right&#8221;][\/vc_column][\/vc_row][vc_row css=&#8221;.vc_custom_1616027557234{background-color: #f5f5f5 !important;}&#8221;][vc_column]<div class=\"ult-spacer spacer-69f5dbd781414\" data-id=\"69f5dbd781414\" data-height=\"75\" data-height-mobile=\"75\" data-height-tab=\"75\" data-height-tab-portrait=\"\" data-height-mobile-landscape=\"\" style=\"clear:both;display:block;\"><\/div>[\/vc_column][\/vc_row][vc_row][vc_column width=&#8221;1\/2&#8243; css=&#8221;.vc_custom_1616028400967{padding-top: 0px !important;padding-right: 0px !important;padding-bottom: 0px !important;padding-left: 0px !important;}&#8221;][vc_single_image image=&#8221;11108&#8243; img_size=&#8221;800&#215;800&#8243; alignment=&#8221;right&#8221;][\/vc_column][vc_column width=&#8221;1\/2&#8243; css=&#8221;.vc_custom_1616028838001{background-color: #ffffff !important;}&#8221; el_class=&#8221;square-right&#8221;][vc_column_text]<\/p>\n<h2><strong>Invazivne biljne vrste i mogu\u0107nosti uklanjanja<\/strong><\/h2>\n<p>Imaju zna\u010dajan utjecaj na okoli\u0161 u kojem rastu pa tako i na \u010dovjeka, a \u0161teta koju nanose svjetskom gospodarstvu na godi\u0161njoj razini se procjenjuje na 1,4 bilijarde dolara, tj. 5% vrijednosti svjetskog gospodarstva. Saznajte vi\u0161e o invazivnim vrstama, na\u010dinima i razlozima unosa, utjecaju na stani\u0161ta kao i na \u017eiva bi\u0107a, o njihovom negativnom utjecaju na bioraznolikost ili kako ih uklanjati.<\/p>\n<p>Bro\u0161uru preuzmite <a href=\"https:\/\/zeleni-prsten.hr\/portal\/wp-content\/uploads\/2021\/03\/Invazivne-biljne-vrste.pdf\">ovdje<\/a>.[\/vc_column_text][\/vc_column][\/vc_row][vc_row css=&#8221;.vc_custom_1616027557234{background-color: #f5f5f5 !important;}&#8221;][vc_column]<div class=\"ult-spacer spacer-69f5dbd781421\" data-id=\"69f5dbd781421\" data-height=\"75\" data-height-mobile=\"75\" data-height-tab=\"75\" data-height-tab-portrait=\"\" data-height-mobile-landscape=\"\" style=\"clear:both;display:block;\"><\/div>[\/vc_column][\/vc_row][vc_row][vc_column width=&#8221;1\/2&#8243; css=&#8221;.vc_custom_1616028410803{background-color: #ffffff !important;}&#8221; el_class=&#8221;square-left&#8221;][vc_column_text]<\/p>\n<h2><strong>\u010cudesna \u0161uma \u017dutica<\/strong><\/h2>\n<p>Bro\u0161ura \u201e\u010cudesna \u0161uma \u017dutica\u201c opisuje \u017eivot u&nbsp; biljnom i \u017eivotinjskom carstvu \u010dudesne i fascinantne \u0161ume \u017dutice. \u017dutica svake godine uslijed obilnih poplava do\u017eivljava fantasti\u010dne preobra\u017eaje. Poplavne vode rijeke Save ponovno donose \u017eivot u stare rukavce i \u201emrtvaje\u201c koje je rijeka Lonja tijekom stolje\u0107a, mijenjaju\u0107e svoj tok za sobom ostavljala.<\/p>\n<p>Bro\u0161uru preuzmite <a href=\"https:\/\/zeleni-prsten.hr\/portal\/wp-content\/uploads\/2021\/11\/Suma-zutica.pdf\">ovdje<\/a>.[\/vc_column_text][\/vc_column][vc_column width=&#8221;1\/2&#8243; css=&#8221;.vc_custom_1616028400967{padding-top: 0px !important;padding-right: 0px !important;padding-bottom: 0px !important;padding-left: 0px !important;}&#8221;][vc_single_image image=&#8221;11117&#8243; img_size=&#8221;800&#215;800&#8243; alignment=&#8221;right&#8221;][\/vc_column][\/vc_row][vc_row css=&#8221;.vc_custom_1616027557234{background-color: #f5f5f5 !important;}&#8221;][vc_column]<div class=\"ult-spacer spacer-69f5dbd78142d\" data-id=\"69f5dbd78142d\" data-height=\"75\" data-height-mobile=\"75\" data-height-tab=\"75\" data-height-tab-portrait=\"\" data-height-mobile-landscape=\"\" style=\"clear:both;display:block;\"><\/div>[\/vc_column][\/vc_row][vc_row][vc_column width=&#8221;1\/2&#8243; css=&#8221;.vc_custom_1616028400967{padding-top: 0px !important;padding-right: 0px !important;padding-bottom: 0px !important;padding-left: 0px !important;}&#8221;][vc_single_image image=&#8221;17249&#8243; img_size=&#8221;800&#215;800&#8243; alignment=&#8221;right&#8221;][\/vc_column][vc_column width=&#8221;1\/2&#8243; css=&#8221;.vc_custom_1616028838001{background-color: #ffffff !important;}&#8221; el_class=&#8221;square-right&#8221;][vc_column_text]<\/p>\n<h2><strong>Upoznaj kornja\u010de<\/strong><\/h2>\n<p>Kornja\u010de nalazimo na svim kontinentima osim na Antarktici, zemlji vje\u010dnog leda. \u017dive na kopnu, u rijekama, jezerima i morima. Od ukupno 350 vrsta, najve\u0107i broj nalazimo u Sjevernoj Americi i ju\u017enoj Aziji. U ovoj knjizi upoznat \u0107e\u0161 svijet kornja\u010da i nau\u010diti kako su ova iznimna bi\u0107a pre\u017eivjela i nad\u017eivjela mnoge svoje ro\u0111ake, ali i s kakvim se opasnostima suo\u010davaju danas. Zabavi se uz igre i zanimljivosti i kreni u istra\u017eivanje!<\/p>\n<p>Publikaciju preuzmite <a href=\"https:\/\/zeleni-prsten.hr\/portal\/wp-content\/uploads\/2025\/03\/Upoznaj-kornjace-JU-Zeleni-prsten-Zagrebacke-zupanije.pdf\">ovdje!<\/a>[\/vc_column_text][\/vc_column][\/vc_row][vc_row css=&#8221;.vc_custom_1616027557234{background-color: #f5f5f5 !important;}&#8221;][vc_column]<div class=\"ult-spacer spacer-69f5dbd781439\" data-id=\"69f5dbd781439\" data-height=\"75\" data-height-mobile=\"75\" data-height-tab=\"75\" data-height-tab-portrait=\"\" data-height-mobile-landscape=\"\" style=\"clear:both;display:block;\"><\/div>[\/vc_column][\/vc_row][vc_row][vc_column width=&#8221;1\/2&#8243; css=&#8221;.vc_custom_1616028410803{background-color: #ffffff !important;}&#8221; el_class=&#8221;square-left&#8221;][vc_column_text]<\/p>\n<h2><strong>Gospodarenje otpadom u za\u0161ti\u0107enim podru\u010djima<\/strong><\/h2>\n<p>Hrvatska je po bioraznolikosti me\u0111u najbogatijim europskim zemljama.&nbsp;U kontekstu suvremenog dru\u0161tva i na\u010dina \u017eivota, prisustvo ljudi na odre\u0111enom podru\u010dju zna\u010di i stvaranje otpada. Dodatni izazov je gospodarenje otpadom u za\u0161ti\u0107enim podru\u010djima.<\/p>\n<p>Ova bro\u0161ura nastala je u sklopu projekta \u201ePartneri za prirodu\u201c financiranog putem \u0160vicarsko-hrvatskog programa suradnje.<\/p>\n<p>Preuzmite <a href=\"https:\/\/zeleni-prsten.hr\/portal\/wp-content\/uploads\/2022\/02\/Gospodarenje-otpadom-u-zasticenim-podrucjima-HR.pdf\">hr.<\/a> i <a href=\"https:\/\/zeleni-prsten.hr\/portal\/wp-content\/uploads\/2022\/02\/Gospodarenje-otpadom-u-zasticenim-podrucjima-ENG.pdf\">engl.<\/a>[\/vc_column_text][\/vc_column][vc_column width=&#8221;1\/2&#8243; css=&#8221;.vc_custom_1616028400967{padding-top: 0px !important;padding-right: 0px !important;padding-bottom: 0px !important;padding-left: 0px !important;}&#8221;][vc_single_image image=&#8221;11122&#8243; img_size=&#8221;800&#215;800&#8243; alignment=&#8221;right&#8221;][\/vc_column][\/vc_row][vc_row css=&#8221;.vc_custom_1616027557234{background-color: #f5f5f5 !important;}&#8221;][vc_column]<div class=\"ult-spacer spacer-69f5dbd781443\" data-id=\"69f5dbd781443\" data-height=\"75\" data-height-mobile=\"75\" data-height-tab=\"75\" data-height-tab-portrait=\"\" data-height-mobile-landscape=\"\" style=\"clear:both;display:block;\"><\/div>[\/vc_column][\/vc_row][vc_row][vc_column width=&#8221;1\/2&#8243; css=&#8221;.vc_custom_1616028400967{padding-top: 0px !important;padding-right: 0px !important;padding-bottom: 0px !important;padding-left: 0px !important;}&#8221;][vc_single_image image=&#8221;11120&#8243; img_size=&#8221;800&#215;800&#8243; alignment=&#8221;right&#8221;][\/vc_column][vc_column width=&#8221;1\/2&#8243; css=&#8221;.vc_custom_1616028838001{background-color: #ffffff !important;}&#8221; el_class=&#8221;square-right&#8221;][vc_column_text]<\/p>\n<h2><strong>Obnova rijeke Save od Bre\u017eica do Rugvice<\/strong><\/h2>\n<p>U sklopu projekta &#8220;Sloboda za Savu&#8221;, izra\u0111ene su dvije studije za restauraciju i revitalizaciju du\u017e rijeke Save. Ova studija izvodljivosti bavi se podru\u010djem rijeke Save od Bre\u017eica do Rugvice. Osim samog toka rijeke, obra\u0111en je i ulazni dio oteretnog kanala Sava-Odra jer se radi o iznimno vrijednom mehanizmu za za\u0161titu grada Zagreba od poplava.<\/p>\n<p>Preuzmite&nbsp; <a href=\"https:\/\/zeleni-prsten.hr\/portal\/wp-content\/uploads\/2022\/02\/Obnova-rijeke-Save-HR.pdf\">hr. <\/a>&nbsp;i <a href=\"https:\/\/zeleni-prsten.hr\/portal\/wp-content\/uploads\/2022\/02\/Obnova-rijeke-Save-ENG.pdf\">engl.<\/a>[\/vc_column_text][\/vc_column][\/vc_row][vc_row css=&#8221;.vc_custom_1616027557234{background-color: #f5f5f5 !important;}&#8221;][vc_column]<div class=\"ult-spacer spacer-69f5dbd781454\" data-id=\"69f5dbd781454\" data-height=\"75\" data-height-mobile=\"75\" data-height-tab=\"75\" data-height-tab-portrait=\"\" data-height-mobile-landscape=\"\" style=\"clear:both;display:block;\"><\/div>[\/vc_column][\/vc_row][vc_row][vc_column width=&#8221;1\/2&#8243; css=&#8221;.vc_custom_1616028410803{background-color: #ffffff !important;}&#8221; el_class=&#8221;square-left&#8221;][vc_column_text]<\/p>\n<h2><strong>\u010cigra<\/strong><\/h2>\n<p>Tematski broj svijeta ptica na temu \u010digra izdan je u sklopu projekta \u201cO\u010duvanje populacija \u010digri u porje\u010dju Save i Drave (\u010cIGRA)\u201d, financiran iz sredstava Europskog fonda za regionalni razvoj.&nbsp;<\/p>\n<p>Znate li kako \u010digre izgledaju? \u010cime se hrane? Gdje se gnijezde? Koliko dugo \u017eive? Koliko ih ima? \u0160to ih ugro\u017eava? Koliko vrsta \u010digri postoje? Koje \u010digre dolaze u Hrvatsku? Gdje su im stani\u0161ta? Ako ne znate, <a href=\"https:\/\/zeleni-prsten.hr\/portal\/wp-content\/uploads\/2022\/02\/Svijet-ptica-cigra.pdf\">preuzmite \u010dasopis<\/a> i saznajte![\/vc_column_text][\/vc_column][vc_column width=&#8221;1\/2&#8243; css=&#8221;.vc_custom_1616028400967{padding-top: 0px !important;padding-right: 0px !important;padding-bottom: 0px !important;padding-left: 0px !important;}&#8221;][vc_single_image image=&#8221;11127&#8243; img_size=&#8221;800&#215;800&#8243; alignment=&#8221;right&#8221;][\/vc_column][\/vc_row][vc_row css=&#8221;.vc_custom_1616027557234{background-color: #f5f5f5 !important;}&#8221;][vc_column]<div class=\"ult-spacer spacer-69f5dbd78145e\" data-id=\"69f5dbd78145e\" data-height=\"75\" data-height-mobile=\"75\" data-height-tab=\"75\" data-height-tab-portrait=\"\" data-height-mobile-landscape=\"\" style=\"clear:both;display:block;\"><\/div>[\/vc_column][\/vc_row][vc_row][vc_column width=&#8221;1\/2&#8243; css=&#8221;.vc_custom_1616028400967{padding-top: 0px !important;padding-right: 0px !important;padding-bottom: 0px !important;padding-left: 0px !important;}&#8221;][vc_single_image image=&#8221;11125&#8243; img_size=&#8221;800&#215;800&#8243; alignment=&#8221;right&#8221;][\/vc_column][vc_column width=&#8221;1\/2&#8243; css=&#8221;.vc_custom_1616028838001{background-color: #ffffff !important;}&#8221; el_class=&#8221;square-right&#8221;][vc_column_text]<\/p>\n<h2><strong>Odr\u017eivo, transparentno i participativno upravljanje za\u0161ti\u0107enim podru\u010djem<\/strong><\/h2>\n<p>Klju\u010dno je da se u procese planiranja i samog upravljanja za\u0161ti\u0107enim podru\u010djima uklju\u010de svi relevantni dionici za tematiku za\u0161ti\u0107enih podru\u010dja. Samo suradnjom svih mo\u017eemo sa\u010duvati ono najva\u017enije, na\u0161u prirodu. Bro\u0161ura je izdana u sklopu projekta \u201ePartneri za prirodu\u201c financiranog putem \u0160vicarsko-hrvatskog programa suradnje.<\/p>\n<p>Preuzmite <a href=\"https:\/\/zeleni-prsten.hr\/portal\/wp-content\/uploads\/2022\/02\/Odrzivo-transparento-i-participativno-upravljanje-zasticenim-podrucjem-HR.pdf\">hr.<\/a>&nbsp;ili <a href=\"https:\/\/zeleni-prsten.hr\/portal\/wp-content\/uploads\/2022\/02\/Odrzivo-transparento-i-participativno-upravljanje-zasticenim-podrucjem-ENG.pdf\">engl.<\/a>.[\/vc_column_text][\/vc_column][\/vc_row][vc_row css=&#8221;.vc_custom_1616027557234{background-color: #f5f5f5 !important;}&#8221;][vc_column]<div class=\"ult-spacer spacer-69f5dbd781466\" data-id=\"69f5dbd781466\" data-height=\"75\" data-height-mobile=\"75\" data-height-tab=\"75\" data-height-tab-portrait=\"\" data-height-mobile-landscape=\"\" style=\"clear:both;display:block;\"><\/div>[\/vc_column][\/vc_row][vc_row][vc_column width=&#8221;1\/2&#8243; css=&#8221;.vc_custom_1616028400967{padding-top: 0px !important;padding-right: 0px !important;padding-bottom: 0px !important;padding-left: 0px !important;}&#8221;][vc_single_image image=&#8221;11129&#8243; img_size=&#8221;800&#215;800&#8243; alignment=&#8221;right&#8221;][\/vc_column][vc_column width=&#8221;1\/2&#8243; css=&#8221;.vc_custom_1616028838001{background-color: #ffffff !important;}&#8221; el_class=&#8221;square-right&#8221;][vc_column_text]<\/p>\n<h2><strong>Sava &#8211; susret kulture i prirode<\/strong><\/h2>\n<p>Rijeka Sava je jedna od najzanimljivijih i najkompleksnijih rijeka u Europi. \u010cak 64% toka za\u0161ti\u0107eno je u razli\u010ditim kategorijama. Zahvaljuju\u0107i dobroj o\u010duvanosti, u rijeci Savi i uz nju nalazimo mnoge rijetke i ugro\u017eene vrste i stani\u0161ta.<br \/>\nBro\u0161ura je nastala u sklopu projekta \u201eSava kultura NATURA\u201c koji je financiran od strane Europske unije.<br \/>\n<a href=\"https:\/\/zeleni-prsten.hr\/portal\/wp-content\/uploads\/2022\/02\/Sava-Kultura-Natura.pdf\">Preuzmite bro\u0161uru<\/a> i upoznajte za\u0161ti\u0107ena podru\u010dja uz Savu.[\/vc_column_text][\/vc_column][\/vc_row][vc_row css=&#8221;.vc_custom_1616027557234{background-color: #f5f5f5 !important;}&#8221;][vc_column]<div class=\"ult-spacer spacer-69f5dbd78146d\" data-id=\"69f5dbd78146d\" data-height=\"75\" data-height-mobile=\"75\" data-height-tab=\"75\" data-height-tab-portrait=\"\" data-height-mobile-landscape=\"\" style=\"clear:both;display:block;\"><\/div>[\/vc_column][\/vc_row]<\/p>\n","protected":false},"excerpt":{"rendered":"<p>[vc_row css=&#8221;.vc_custom_1616027557234{background-color: #f5f5f5 !important;}&#8221;][vc_column][\/vc_column][\/vc_row][vc_row][vc_column width=&#8221;1\/2&#8243; css=&#8221;.vc_custom_1616028410803{background-color: #ffffff !important;}&#8221; el_class=&#8221;square-left&#8221;][vc_column_text] Tajanstveni svijet Zagreba\u010dke \u017eupanije Podru\u010dje Zagreba\u010dke \u017eupanije karakterizira bogatstvo prirodnih resursa, u kojem se isti\u010du \u0161ume, mo\u010dvarni prostori, kr\u0161ki fenomeni te velika raznolikost biljnog i \u017eivotinjskog svijeta. Za\u0161ti\u0107ena podru\u010dja zauzimaju \u010dak [&hellip;]<\/p>\n","protected":false},"author":1,"featured_media":11154,"parent":0,"menu_order":7,"comment_status":"closed","ping_status":"closed","template":"","meta":{"ngg_post_thumbnail":0},"yoast_head":"<!-- This site is optimized with the Yoast SEO plugin v18.4.1 - https:\/\/yoast.com\/wordpress\/plugins\/seo\/ -->\n<title>Publikacije - JU Zeleni prsten Zagreba\u010dke \u017eupanije<\/title>\n<meta name=\"robots\" content=\"index, follow, max-snippet:-1, max-image-preview:large, max-video-preview:-1\" \/>\n<link rel=\"canonical\" href=\"https:\/\/zeleni-prsten.hr\/portal\/publikacije\/\" \/>\n<meta property=\"og:locale\" content=\"hr_HR\" \/>\n<meta property=\"og:type\" content=\"article\" \/>\n<meta property=\"og:title\" content=\"Publikacije - JU Zeleni prsten Zagreba\u010dke \u017eupanije\" \/>\n<meta property=\"og:description\" content=\"[vc_row css=&#8221;.vc_custom_1616027557234{background-color: #f5f5f5 !important;}&#8221;][vc_column][\/vc_column][\/vc_row][vc_row][vc_column width=&#8221;1\/2&#8243; css=&#8221;.vc_custom_1616028410803{background-color: #ffffff !important;}&#8221; el_class=&#8221;square-left&#8221;][vc_column_text] Tajanstveni svijet Zagreba\u010dke \u017eupanije Podru\u010dje Zagreba\u010dke \u017eupanije karakterizira bogatstvo prirodnih resursa, u kojem se isti\u010du \u0161ume, mo\u010dvarni prostori, kr\u0161ki fenomeni te velika raznolikost biljnog i \u017eivotinjskog svijeta. Za\u0161ti\u0107ena podru\u010dja zauzimaju \u010dak [&hellip;]\" \/>\n<meta property=\"og:url\" content=\"https:\/\/zeleni-prsten.hr\/portal\/publikacije\/\" \/>\n<meta property=\"og:site_name\" content=\"JU Zeleni prsten Zagreba\u010dke \u017eupanije\" \/>\n<meta property=\"article:modified_time\" content=\"2025-03-19T11:01:48+00:00\" \/>\n<meta property=\"og:image\" content=\"https:\/\/zeleni-prsten.hr\/portal\/wp-content\/uploads\/2022\/02\/Sava-Mario-Zilec.jpg\" \/>\n\t<meta property=\"og:image:width\" content=\"1920\" \/>\n\t<meta property=\"og:image:height\" content=\"1439\" \/>\n\t<meta property=\"og:image:type\" content=\"image\/jpeg\" \/>\n<meta name=\"twitter:card\" content=\"summary_large_image\" \/>\n<meta name=\"twitter:label1\" content=\"Procijenjeno vrijeme \u010ditanja\" \/>\n\t<meta name=\"twitter:data1\" content=\"6 minuta\" \/>\n<script type=\"application\/ld+json\" class=\"yoast-schema-graph\">{\"@context\":\"https:\/\/schema.org\",\"@graph\":[{\"@type\":\"WebSite\",\"@id\":\"https:\/\/zeleni-prsten.hr\/portal\/#website\",\"url\":\"https:\/\/zeleni-prsten.hr\/portal\/\",\"name\":\"JU Zeleni prsten Zagreba\u010dke \u017eupanije\",\"description\":\"JU Zeleni prsten Zagreba\u010dke \u017eupanije\",\"potentialAction\":[{\"@type\":\"SearchAction\",\"target\":{\"@type\":\"EntryPoint\",\"urlTemplate\":\"https:\/\/zeleni-prsten.hr\/portal\/?s={search_term_string}\"},\"query-input\":\"required name=search_term_string\"}],\"inLanguage\":\"hr\"},{\"@type\":\"ImageObject\",\"@id\":\"https:\/\/zeleni-prsten.hr\/portal\/publikacije\/#primaryimage\",\"inLanguage\":\"hr\",\"url\":\"https:\/\/zeleni-prsten.hr\/portal\/wp-content\/uploads\/2022\/02\/Sava-Mario-Zilec.jpg\",\"contentUrl\":\"https:\/\/zeleni-prsten.hr\/portal\/wp-content\/uploads\/2022\/02\/Sava-Mario-Zilec.jpg\",\"width\":1920,\"height\":1439},{\"@type\":\"WebPage\",\"@id\":\"https:\/\/zeleni-prsten.hr\/portal\/publikacije\/#webpage\",\"url\":\"https:\/\/zeleni-prsten.hr\/portal\/publikacije\/\",\"name\":\"Publikacije - JU Zeleni prsten Zagreba\u010dke \u017eupanije\",\"isPartOf\":{\"@id\":\"https:\/\/zeleni-prsten.hr\/portal\/#website\"},\"primaryImageOfPage\":{\"@id\":\"https:\/\/zeleni-prsten.hr\/portal\/publikacije\/#primaryimage\"},\"datePublished\":\"2016-03-01T00:52:19+00:00\",\"dateModified\":\"2025-03-19T11:01:48+00:00\",\"breadcrumb\":{\"@id\":\"https:\/\/zeleni-prsten.hr\/portal\/publikacije\/#breadcrumb\"},\"inLanguage\":\"hr\",\"potentialAction\":[{\"@type\":\"ReadAction\",\"target\":[\"https:\/\/zeleni-prsten.hr\/portal\/publikacije\/\"]}]},{\"@type\":\"BreadcrumbList\",\"@id\":\"https:\/\/zeleni-prsten.hr\/portal\/publikacije\/#breadcrumb\",\"itemListElement\":[{\"@type\":\"ListItem\",\"position\":1,\"name\":\"Home\",\"item\":\"https:\/\/zeleni-prsten.hr\/portal\/\"},{\"@type\":\"ListItem\",\"position\":2,\"name\":\"Publikacije\"}]}]}<\/script>\n<!-- \/ Yoast SEO plugin. -->","yoast_head_json":{"title":"Publikacije - JU Zeleni prsten Zagreba\u010dke \u017eupanije","robots":{"index":"index","follow":"follow","max-snippet":"max-snippet:-1","max-image-preview":"max-image-preview:large","max-video-preview":"max-video-preview:-1"},"canonical":"https:\/\/zeleni-prsten.hr\/portal\/publikacije\/","og_locale":"hr_HR","og_type":"article","og_title":"Publikacije - JU Zeleni prsten Zagreba\u010dke \u017eupanije","og_description":"[vc_row css=&#8221;.vc_custom_1616027557234{background-color: #f5f5f5 !important;}&#8221;][vc_column][\/vc_column][\/vc_row][vc_row][vc_column width=&#8221;1\/2&#8243; css=&#8221;.vc_custom_1616028410803{background-color: #ffffff !important;}&#8221; el_class=&#8221;square-left&#8221;][vc_column_text] Tajanstveni svijet Zagreba\u010dke \u017eupanije Podru\u010dje Zagreba\u010dke \u017eupanije karakterizira bogatstvo prirodnih resursa, u kojem se isti\u010du \u0161ume, mo\u010dvarni prostori, kr\u0161ki fenomeni te velika raznolikost biljnog i \u017eivotinjskog svijeta. Za\u0161ti\u0107ena podru\u010dja zauzimaju \u010dak [&hellip;]","og_url":"https:\/\/zeleni-prsten.hr\/portal\/publikacije\/","og_site_name":"JU Zeleni prsten Zagreba\u010dke \u017eupanije","article_modified_time":"2025-03-19T11:01:48+00:00","og_image":[{"width":1920,"height":1439,"url":"https:\/\/zeleni-prsten.hr\/portal\/wp-content\/uploads\/2022\/02\/Sava-Mario-Zilec.jpg","type":"image\/jpeg"}],"twitter_card":"summary_large_image","twitter_misc":{"Procijenjeno vrijeme \u010ditanja":"6 minuta"},"schema":{"@context":"https:\/\/schema.org","@graph":[{"@type":"WebSite","@id":"https:\/\/zeleni-prsten.hr\/portal\/#website","url":"https:\/\/zeleni-prsten.hr\/portal\/","name":"JU Zeleni prsten Zagreba\u010dke \u017eupanije","description":"JU Zeleni prsten Zagreba\u010dke \u017eupanije","potentialAction":[{"@type":"SearchAction","target":{"@type":"EntryPoint","urlTemplate":"https:\/\/zeleni-prsten.hr\/portal\/?s={search_term_string}"},"query-input":"required name=search_term_string"}],"inLanguage":"hr"},{"@type":"ImageObject","@id":"https:\/\/zeleni-prsten.hr\/portal\/publikacije\/#primaryimage","inLanguage":"hr","url":"https:\/\/zeleni-prsten.hr\/portal\/wp-content\/uploads\/2022\/02\/Sava-Mario-Zilec.jpg","contentUrl":"https:\/\/zeleni-prsten.hr\/portal\/wp-content\/uploads\/2022\/02\/Sava-Mario-Zilec.jpg","width":1920,"height":1439},{"@type":"WebPage","@id":"https:\/\/zeleni-prsten.hr\/portal\/publikacije\/#webpage","url":"https:\/\/zeleni-prsten.hr\/portal\/publikacije\/","name":"Publikacije - JU Zeleni prsten Zagreba\u010dke \u017eupanije","isPartOf":{"@id":"https:\/\/zeleni-prsten.hr\/portal\/#website"},"primaryImageOfPage":{"@id":"https:\/\/zeleni-prsten.hr\/portal\/publikacije\/#primaryimage"},"datePublished":"2016-03-01T00:52:19+00:00","dateModified":"2025-03-19T11:01:48+00:00","breadcrumb":{"@id":"https:\/\/zeleni-prsten.hr\/portal\/publikacije\/#breadcrumb"},"inLanguage":"hr","potentialAction":[{"@type":"ReadAction","target":["https:\/\/zeleni-prsten.hr\/portal\/publikacije\/"]}]},{"@type":"BreadcrumbList","@id":"https:\/\/zeleni-prsten.hr\/portal\/publikacije\/#breadcrumb","itemListElement":[{"@type":"ListItem","position":1,"name":"Home","item":"https:\/\/zeleni-prsten.hr\/portal\/"},{"@type":"ListItem","position":2,"name":"Publikacije"}]}]}},"_links":{"self":[{"href":"https:\/\/zeleni-prsten.hr\/portal\/wp-json\/wp\/v2\/pages\/734"}],"collection":[{"href":"https:\/\/zeleni-prsten.hr\/portal\/wp-json\/wp\/v2\/pages"}],"about":[{"href":"https:\/\/zeleni-prsten.hr\/portal\/wp-json\/wp\/v2\/types\/page"}],"author":[{"embeddable":true,"href":"https:\/\/zeleni-prsten.hr\/portal\/wp-json\/wp\/v2\/users\/1"}],"replies":[{"embeddable":true,"href":"https:\/\/zeleni-prsten.hr\/portal\/wp-json\/wp\/v2\/comments?post=734"}],"version-history":[{"count":87,"href":"https:\/\/zeleni-prsten.hr\/portal\/wp-json\/wp\/v2\/pages\/734\/revisions"}],"predecessor-version":[{"id":17255,"href":"https:\/\/zeleni-prsten.hr\/portal\/wp-json\/wp\/v2\/pages\/734\/revisions\/17255"}],"wp:featuredmedia":[{"embeddable":true,"href":"https:\/\/zeleni-prsten.hr\/portal\/wp-json\/wp\/v2\/media\/11154"}],"wp:attachment":[{"href":"https:\/\/zeleni-prsten.hr\/portal\/wp-json\/wp\/v2\/media?parent=734"}],"curies":[{"name":"wp","href":"https:\/\/api.w.org\/{rel}","templated":true}]}}